{"version":"1.0","provider_name":"Mini-Lernkreis Meder","provider_url":"https:\/\/minilernkreis.de\/unterfranken","author_name":"bknetsch","author_url":"https:\/\/minilernkreis.de\/unterfranken\/author\/bknetsch\/","title":"\u00dcber uns - Mini-Lernkreis Meder","type":"rich","width":600,"height":338,"html":"<blockquote class=\"wp-embedded-content\" data-secret=\"sd9nu5poU2\"><a href=\"https:\/\/minilernkreis.de\/unterfranken\/ueber-uns\/\">\u00dcber uns<\/a><\/blockquote><iframe sandbox=\"allow-scripts\" security=\"restricted\" src=\"https:\/\/minilernkreis.de\/unterfranken\/ueber-uns\/embed\/#?secret=sd9nu5poU2\" width=\"600\" height=\"338\" title=\"&#8222;\u00dcber uns&#8220; &#8211; Mini-Lernkreis Meder\" data-secret=\"sd9nu5poU2\" frameborder=\"0\" marginwidth=\"0\" marginheight=\"0\" scrolling=\"no\" class=\"wp-embedded-content\"><\/iframe><script>\n\/*! This file is auto-generated *\/\n!function(d,l){\"use strict\";l.querySelector&&d.addEventListener&&\"undefined\"!=typeof URL&&(d.wp=d.wp||{},d.wp.receiveEmbedMessage||(d.wp.receiveEmbedMessage=function(e){var t=e.data;if((t||t.secret||t.message||t.value)&&!\/[^a-zA-Z0-9]\/.test(t.secret)){for(var s,r,n,a=l.querySelectorAll('iframe[data-secret=\"'+t.secret+'\"]'),o=l.querySelectorAll('blockquote[data-secret=\"'+t.secret+'\"]'),c=new RegExp(\"^https?:$\",\"i\"),i=0;i<o.length;i++)o[i].style.display=\"none\";for(i=0;i<a.length;i++)s=a[i],e.source===s.contentWindow&&(s.removeAttribute(\"style\"),\"height\"===t.message?(1e3<(r=parseInt(t.value,10))?r=1e3:~~r<200&&(r=200),s.height=r):\"link\"===t.message&&(r=new URL(s.getAttribute(\"src\")),n=new URL(t.value),c.test(n.protocol))&&n.host===r.host&&l.activeElement===s&&(d.top.location.href=t.value))}},d.addEventListener(\"message\",d.wp.receiveEmbedMessage,!1),l.addEventListener(\"DOMContentLoaded\",function(){for(var e,t,s=l.querySelectorAll(\"iframe.wp-embedded-content\"),r=0;r<s.length;r++)(t=(e=s[r]).getAttribute(\"data-secret\"))||(t=Math.random().toString(36).substring(2,12),e.src+=\"#?secret=\"+t,e.setAttribute(\"data-secret\",t)),e.contentWindow.postMessage({message:\"ready\",secret:t},\"*\")},!1)))}(window,document);\n\/\/# sourceURL=https:\/\/minilernkreis.de\/unterfranken\/wp-includes\/js\/wp-embed.min.js\n<\/script>\n","description":"Der Mini-Lernkreis in der Region Christian Meder Seit 1974 steht der Mini-Lernkreis \u2013 urspr\u00fcnglich als \u201eLehrinstitut Adam\u201c gegr\u00fcndet \u2013 f\u00fcr erfolgreiche Sch\u00fclerf\u00f6rderung in ganz Deutschland. Heute sind wir mit qualifizierten Lehrkr\u00e4ften auch in der Region Unterfranken und Landkreis Hildburghausen vertreten und bieten individuelle Nachhilfe in Mini-Gruppen \u2013 f\u00fcr mehr Motivation, bessere Noten und Freude am [&hellip;]"}