{"id":8,"date":"2026-04-20T17:45:09","date_gmt":"2026-04-20T15:45:09","guid":{"rendered":"https:\/\/minilernkreis.de\/suedbaden\/kontakt\/"},"modified":"2026-04-20T17:45:09","modified_gmt":"2026-04-20T15:45:09","slug":"kontakt","status":"publish","type":"page","link":"https:\/\/minilernkreis.de\/suedbaden\/kontakt\/","title":{"rendered":"Kontakt"},"content":{"rendered":"\n\n<div class=\"wp-block-group is-layout-constrained wp-block-group-is-layout-constrained\">\n\t\n\t<div class=\"wp-block-group mt-5 mb-3 mx-3 is-layout-constrained wp-container-core-group-is-layout-4383d167 wp-block-group-is-layout-constrained\">\n\t\t<div style=\"height:50px\" aria-hidden=\"true\" class=\"wp-block-spacer\"><\/div>\n\t\t\n\n\t\t\n\t\t<div class=\"wp-block-group is-layout-grid wp-container-core-group-is-layout-32ce39f2 wp-block-group-is-layout-grid\">\n\t\t\t\n\t\t\t<div class=\"wp-block-group wp-container-content-e6bb3dd6 is-layout-constrained wp-container-core-group-is-layout-4383d167 wp-block-group-is-layout-constrained\">\n\t\t\t\t\n\t\t\t\t<h1 class=\"wp-block-heading has-primary-color has-text-color has-kirvy-font-family\"\n\t\t\t\t\tstyle=\"font-size:clamp(1.743rem, 1.743rem + ((1vw - 0.2rem) * 1.571), 3rem);font-style:normal;font-weight:700\">Kontakt<\/h1>\n\t\t\t\t\n\n\t\t\t\t\n\t\t\t\t<h2 class=\"wp-block-heading has-secondary-color has-text-color\"\n\t\t\t\t\tstyle=\"font-size:clamp(1.403rem, 1.403rem + ((1vw - 0.2rem) * 1.121), 2.3rem);font-style:normal;font-weight:600\">Mini-Lernkreis S\u00fcdbaden<\/h2>\n\t\t\t\t\n\n\t\t\t\t\n\t\t\t\t<p class=\"has-primary-color has-text-color\" style=\"font-size:clamp(0.984em, 0.984rem + ((1vw - 0.2em) * 0.645), 1.5em);font-style:normal;font-weight:500\">\n\t\t\t\t\tAnschrift:<br>Br\u00fceler Stra\u00dfe 47, 19412 Kloster Tempzin<\/p>\n\t\t\t\t\n\n\t\t\t\t\n\t\t\t\t<div style=\"height:10px\" aria-hidden=\"true\" class=\"wp-block-spacer\"><\/div>\n\t\t\t\t\n\n\t\t\t\t\n\t\t\t\t<p class=\"has-primary-color has-text-color\" style=\"font-size:clamp(0.984rem, 0.984rem + ((1vw - 0.2rem) * 0.645), 1.5rem);font-style:normal;font-weight:500\">\n\t\t\t\t\tTelefon:<br>+49 173 597 8357<\/p>\n\t\t\t\t\n\n\t\t\t\t\n\t\t\t\t<div style=\"height:10px\" aria-hidden=\"true\" class=\"wp-block-spacer\"><\/div>\n\t\t\t\t\n\n\t\t\t\t\n\t\t\t\t<p class=\"has-primary-color has-text-color\" style=\"font-size:clamp(0.984rem, 0.984rem + ((1vw - 0.2rem) * 0.645), 1.5rem);font-style:normal;font-weight:500\">\n\t\t\t\t\tE-Mail:<br>zentrale@minilernkreis.de<\/p>\n\t\t\t\t\n\n\t\t\t\t\n\t\t\t\t<div style=\"height:100px\" aria-hidden=\"true\" class=\"wp-block-spacer\"><\/div>\n\t\t\t\t\n\t\t\t<\/div>\n\t\t\t\n\n\t\t\t\n\t\t\t<div class=\"wp-block-group is-layout-constrained wp-block-group-is-layout-constrained\">\n\t\t\t\t\n\t\t\t\t<figure class=\"wp-block-image size-full\"\n\t\t\t\t\tstyle=\"margin-top:var(--wp--preset--spacing--20);margin-right:0;margin-bottom:var(--wp--preset--spacing--20);margin-left:0\">\n\t\t\t\t\t<img decoding=\"async\" src=\"\/wp-content\/themes\/mlk-theme\/assets\/images\/titelbild_kontakt2-1.png\"\n\t\t\t\t\t\talt=\"Kontakt - Mini-Lernkreis Zentrale - Nachhilfe in der Region S\u00fcdbaden\"\n\t\t\t\t\t\tclass=\"wp-image-486\"\n\t\t\t\t\t\ttitle=\"Kontakt - Mini-Lernkreis Zentrale - Nachhilfe in der Region S\u00fcdbaden\" \/>\n\t\t\t\t<\/figure>\n\t\t\t\t\n\t\t\t<\/div>\n\t\t\t\n\t\t<\/div>\n\t\t\n\t<\/div>\n\t\n<\/div>\n\n\n\n<div class=\"wp-block-group mb-1 is-layout-constrained wp-block-group-is-layout-constrained\">\n\t<div class=\"wp-block-group is-layout-constrained wp-container-core-group-is-layout-f6f8c0cc wp-block-group-is-layout-constrained\">\n\t\t\n\t\t<div class=\"wp-block-group is-nowrap is-layout-flex wp-container-core-group-is-layout-f1189ed3 wp-block-group-is-layout-flex\">\n\t\t\t\n\t\t\t<p style=\"font-size:0.8em;font-style:normal;font-weight:600\">Sie sind hier:<\/p>\n\t\t\t\n\n\t\t\t<div class=\"yoast-breadcrumbs\"><span><span><a href=\"https:\/\/minilernkreis.de\/suedbaden\/\">Start<\/a><\/span> \u00bb <span class=\"breadcrumb_last\" aria-current=\"page\">Kontakt<\/span><\/span><\/div>\n\t\t<\/div>\n\t\t\n\t<\/div>\n\t\n<\/div>\n\n\n\n<div class=\"wp-block-group has-light-background-color has-background is-layout-constrained wp-block-group-is-layout-constrained\">\n\t\n\t<div class=\"wp-block-group pt-3 is-layout-constrained wp-container-core-group-is-layout-4383d167 wp-block-group-is-layout-constrained\">\n\t\t\n\t\t<h2 class=\"wp-block-heading has-text-align-center has-secondary-color has-text-color\"\n\t\t\tstyle=\"font-size:clamp(1.403em, 1.403rem + ((1vw - 0.2em) * 1.121), 2.3em);font-style:normal;font-weight:700\">Sie haben Interesse an einem Beratungsgespr\u00e4ch?\n\t\t<\/h2>\n\t\t\n\n\t\t\n\t\t<p class=\"has-text-align-center has-primary-color has-text-color\"\n\t\t\tstyle=\"font-size:clamp(0.984rem, 0.984rem + ((1vw - 0.2rem) * 0.645), 1.5rem);font-style:normal;font-weight:500\">So erreichen Sie uns<\/p>\n\t\t\n\n\t\t\n\t\t<p class=\"has-text-align-center\">Wir sind Montags bis Freitags von <\/p>\n\t\t\n\t<\/div>\n\t\n\n\t\n\t<div class=\"wp-block-group pb-5 is-layout-constrained wp-container-core-group-is-layout-4383d167 wp-block-group-is-layout-constrained\">\n\t\t\n\t\t<div class=\"wp-block-group shadow-secondary-30 has-base-background-color has-background is-layout-constrained wp-container-core-group-is-layout-52009084 wp-block-group-is-layout-constrained\"\n\t\t\tstyle=\"border-top-left-radius:25px;border-top-right-radius:25px;border-bottom-left-radius:25px;border-bottom-right-radius:25px;padding-top:var(--wp--preset--spacing--40);padding-right:var(--wp--preset--spacing--40);padding-bottom:var(--wp--preset--spacing--40);padding-left:var(--wp--preset--spacing--40)\">\n\t\t\t\n\t\t\t<div class=\"wp-block-group is-nowrap is-layout-flex wp-container-core-group-is-layout-fc054d2d wp-block-group-is-layout-flex\">\n\t\t\t\t\n<div style=\"--mlk-icon-bg:var(--wp--preset--color--secondary);--mlk-icon-color:#004799;--mlk-icon-size:24px;\" class=\"mlk-icon text wp-block-mlk-icon\">\n    <i class=\"mlk-icon__icon fa-solid fa-align-left\"><\/i>\n<\/div>\n\n\n\t\t\t\t\n\t\t\t\t<h3 class=\"wp-block-heading has-secondary-color has-text-color\"\n\t\t\t\t\tstyle=\"font-style:normal;font-weight:600\">Kontaktformular<\/h3>\n\t\t\t\t\n\t\t\t<\/div>\n\t\t\t\n\n\t\t\t<p class=\"wpcf7-contact-form-not-found\"><strong>Fehler:<\/strong> Kontaktformular wurde nicht gefunden.<\/p>\n\n\t\t<\/div>\n\t\t\n\t<\/div>\n\t\n<\/div>\n\n\n\n<div class=\"wp-block-group is-layout-constrained wp-block-group-is-layout-constrained\">\n\t\n\t<div class=\"wp-block-group my-3 is-layout-constrained wp-container-core-group-is-layout-4383d167 wp-block-group-is-layout-constrained\">\n\t\t\n\t\t<div class=\"wp-block-group is-vertical is-content-justification-left is-layout-flex wp-container-core-group-is-layout-dd225191 wp-block-group-is-layout-flex\">\n\t\t\t\n\t\t\t<h2 class=\"wp-block-heading has-secondary-color has-text-color\"\n\t\t\t\tstyle=\"font-size:clamp(1.403em, 1.403rem + ((1vw - 0.2em) * 1.121), 2.3em);font-style:normal;font-weight:700\">Hinweis zum Datenschutz<\/h2>\n\t\t\t\n\n\t\t\t\n\t\t\t<p>Ihre personenbezogenen Daten werden im Sinne des Datenschutzgesetzes ausschlie\u00dflich zur Bearbeitung und\n\t\t\t\tBeantwortung Ihrer Anfrage erhoben, \u00fcbermittelt, verarbeitet und genutzt.<\/p>\n\t\t\t\n\n\t\t\t\n\t\t\t<div style=\"height:25px\" aria-hidden=\"true\" class=\"wp-block-spacer wp-container-content-1ac3d91d\"><\/div>\n\t\t\t\n\n\t\t\t\n\t\t\t<p class=\"has-text-color has-link-color wp-elements-ca290e3201551390368f8e9723d4cf8c\">Zur\u00fcck zur <a\n\t\t\t\t\thref=\"https:\/\/minilernkreis.de\/gr-nol\/\">Startseite<\/a><\/p>\n\t\t\t\n\t\t<\/div>\n\t\t\n\t<\/div>\n\t\n<\/div>\n\n","protected":false},"excerpt":{"rendered":"<p>Kontakt Mini-Lernkreis S\u00fcdbaden Anschrift:Br\u00fceler Stra\u00dfe 47, 19412 Kloster Tempzin Telefon:+49 173 597 8357 E-Mail:zentrale@minilernkreis.de Sie sind hier: Sie haben Interesse an einem Beratungsgespr\u00e4ch? So erreichen Sie uns Wir sind Montags bis Freitags von Kontaktformular Hinweis zum Datenschutz Ihre personenbezogenen Daten werden im Sinne des Datenschutzgesetzes ausschlie\u00dflich zur Bearbeitung und Beantwortung Ihrer Anfrage erhoben, \u00fcbermittelt, verarbeitet [&hellip;]<\/p>\n","protected":false},"author":4,"featured_media":0,"parent":0,"menu_order":0,"comment_status":"closed","ping_status":"closed","template":"page-partner","meta":{"inline_featured_image":false,"mlk_zustaendigkeit":"","mlk_adresse":"","mlk_email":"","mlk_telefon":"","footnotes":""},"class_list":["post-8","page","type-page","status-publish","hentry"],"yoast_head":"<!-- This site is optimized with the Yoast SEO plugin v27.4 - https:\/\/yoast.com\/product\/yoast-seo-wordpress\/ -->\n<title>Kontakt - Mini-Lernkreis S\u00fcdbaden | Mini-Lernkreis<\/title>\n<meta name=\"robots\" content=\"index, follow, max-snippet:-1, max-image-preview:large, max-video-preview:-1\" \/>\n<link rel=\"canonical\" href=\"https:\/\/minilernkreis.de\/suedbaden\/kontakt\/\" \/>\n<meta property=\"og:locale\" content=\"de_DE\" \/>\n<meta property=\"og:type\" content=\"article\" \/>\n<meta property=\"og:title\" content=\"Kontakt - Mini-Lernkreis S\u00fcdbaden | Mini-Lernkreis\" \/>\n<meta property=\"og:description\" content=\"Kontakt Mini-Lernkreis S\u00fcdbaden Anschrift:Br\u00fceler Stra\u00dfe 47, 19412 Kloster Tempzin Telefon:+49 173 597 8357 E-Mail:zentrale@minilernkreis.de Sie sind hier: Sie haben Interesse an einem Beratungsgespr\u00e4ch? So erreichen Sie uns Wir sind Montags bis Freitags von Kontaktformular Hinweis zum Datenschutz Ihre personenbezogenen Daten werden im Sinne des Datenschutzgesetzes ausschlie\u00dflich zur Bearbeitung und Beantwortung Ihrer Anfrage erhoben, \u00fcbermittelt, verarbeitet [&hellip;]\" \/>\n<meta property=\"og:url\" content=\"https:\/\/minilernkreis.de\/suedbaden\/kontakt\/\" \/>\n<meta property=\"og:site_name\" content=\"Mini-Lernkreis S\u00fcdbaden | Mini-Lernkreis\" \/>\n<meta name=\"twitter:card\" content=\"summary_large_image\" \/>\n<script type=\"application\/ld+json\" class=\"yoast-schema-graph\">{\"@context\":\"https:\\\/\\\/schema.org\",\"@graph\":[{\"@type\":\"WebPage\",\"@id\":\"https:\\\/\\\/minilernkreis.de\\\/suedbaden\\\/kontakt\\\/\",\"url\":\"https:\\\/\\\/minilernkreis.de\\\/suedbaden\\\/kontakt\\\/\",\"name\":\"Kontakt - Mini-Lernkreis S\u00fcdbaden | Mini-Lernkreis\",\"isPartOf\":{\"@id\":\"https:\\\/\\\/minilernkreis.de\\\/suedbaden\\\/#website\"},\"datePublished\":\"2026-04-20T15:45:09+00:00\",\"breadcrumb\":{\"@id\":\"https:\\\/\\\/minilernkreis.de\\\/suedbaden\\\/kontakt\\\/#breadcrumb\"},\"inLanguage\":\"de\",\"potentialAction\":[{\"@type\":\"ReadAction\",\"target\":[\"https:\\\/\\\/minilernkreis.de\\\/suedbaden\\\/kontakt\\\/\"]}]},{\"@type\":\"BreadcrumbList\",\"@id\":\"https:\\\/\\\/minilernkreis.de\\\/suedbaden\\\/kontakt\\\/#breadcrumb\",\"itemListElement\":[{\"@type\":\"ListItem\",\"position\":1,\"name\":\"Start\",\"item\":\"https:\\\/\\\/minilernkreis.de\\\/suedbaden\\\/\"},{\"@type\":\"ListItem\",\"position\":2,\"name\":\"Kontakt\"}]},{\"@type\":\"WebSite\",\"@id\":\"https:\\\/\\\/minilernkreis.de\\\/suedbaden\\\/#website\",\"url\":\"https:\\\/\\\/minilernkreis.de\\\/suedbaden\\\/\",\"name\":\"Mini-Lernkreis S\u00fcdbaden | Mini-Lernkreis\",\"description\":\"\",\"potentialAction\":[{\"@type\":\"SearchAction\",\"target\":{\"@type\":\"EntryPoint\",\"urlTemplate\":\"https:\\\/\\\/minilernkreis.de\\\/suedbaden\\\/?s={search_term_string}\"},\"query-input\":{\"@type\":\"PropertyValueSpecification\",\"valueRequired\":true,\"valueName\":\"search_term_string\"}}],\"inLanguage\":\"de\"}]}<\/script>\n<!-- \/ Yoast SEO plugin. -->","yoast_head_json":{"title":"Kontakt - Mini-Lernkreis S\u00fcdbaden | Mini-Lernkreis","robots":{"index":"index","follow":"follow","max-snippet":"max-snippet:-1","max-image-preview":"max-image-preview:large","max-video-preview":"max-video-preview:-1"},"canonical":"https:\/\/minilernkreis.de\/suedbaden\/kontakt\/","og_locale":"de_DE","og_type":"article","og_title":"Kontakt - Mini-Lernkreis S\u00fcdbaden | Mini-Lernkreis","og_description":"Kontakt Mini-Lernkreis S\u00fcdbaden Anschrift:Br\u00fceler Stra\u00dfe 47, 19412 Kloster Tempzin Telefon:+49 173 597 8357 E-Mail:zentrale@minilernkreis.de Sie sind hier: Sie haben Interesse an einem Beratungsgespr\u00e4ch? So erreichen Sie uns Wir sind Montags bis Freitags von Kontaktformular Hinweis zum Datenschutz Ihre personenbezogenen Daten werden im Sinne des Datenschutzgesetzes ausschlie\u00dflich zur Bearbeitung und Beantwortung Ihrer Anfrage erhoben, \u00fcbermittelt, verarbeitet [&hellip;]","og_url":"https:\/\/minilernkreis.de\/suedbaden\/kontakt\/","og_site_name":"Mini-Lernkreis S\u00fcdbaden | Mini-Lernkreis","twitter_card":"summary_large_image","schema":{"@context":"https:\/\/schema.org","@graph":[{"@type":"WebPage","@id":"https:\/\/minilernkreis.de\/suedbaden\/kontakt\/","url":"https:\/\/minilernkreis.de\/suedbaden\/kontakt\/","name":"Kontakt - Mini-Lernkreis S\u00fcdbaden | Mini-Lernkreis","isPartOf":{"@id":"https:\/\/minilernkreis.de\/suedbaden\/#website"},"datePublished":"2026-04-20T15:45:09+00:00","breadcrumb":{"@id":"https:\/\/minilernkreis.de\/suedbaden\/kontakt\/#breadcrumb"},"inLanguage":"de","potentialAction":[{"@type":"ReadAction","target":["https:\/\/minilernkreis.de\/suedbaden\/kontakt\/"]}]},{"@type":"BreadcrumbList","@id":"https:\/\/minilernkreis.de\/suedbaden\/kontakt\/#breadcrumb","itemListElement":[{"@type":"ListItem","position":1,"name":"Start","item":"https:\/\/minilernkreis.de\/suedbaden\/"},{"@type":"ListItem","position":2,"name":"Kontakt"}]},{"@type":"WebSite","@id":"https:\/\/minilernkreis.de\/suedbaden\/#website","url":"https:\/\/minilernkreis.de\/suedbaden\/","name":"Mini-Lernkreis S\u00fcdbaden | Mini-Lernkreis","description":"","potentialAction":[{"@type":"SearchAction","target":{"@type":"EntryPoint","urlTemplate":"https:\/\/minilernkreis.de\/suedbaden\/?s={search_term_string}"},"query-input":{"@type":"PropertyValueSpecification","valueRequired":true,"valueName":"search_term_string"}}],"inLanguage":"de"}]}},"_links":{"self":[{"href":"https:\/\/minilernkreis.de\/suedbaden\/wp-json\/wp\/v2\/pages\/8","targetHints":{"allow":["GET"]}}],"collection":[{"href":"https:\/\/minilernkreis.de\/suedbaden\/wp-json\/wp\/v2\/pages"}],"about":[{"href":"https:\/\/minilernkreis.de\/suedbaden\/wp-json\/wp\/v2\/types\/page"}],"author":[{"embeddable":true,"href":"https:\/\/minilernkreis.de\/suedbaden\/wp-json\/wp\/v2\/users\/4"}],"replies":[{"embeddable":true,"href":"https:\/\/minilernkreis.de\/suedbaden\/wp-json\/wp\/v2\/comments?post=8"}],"version-history":[{"count":0,"href":"https:\/\/minilernkreis.de\/suedbaden\/wp-json\/wp\/v2\/pages\/8\/revisions"}],"wp:attachment":[{"href":"https:\/\/minilernkreis.de\/suedbaden\/wp-json\/wp\/v2\/media?parent=8"}],"curies":[{"name":"wp","href":"https:\/\/api.w.org\/{rel}","templated":true}]}}