{"id":20,"date":"2026-01-23T10:27:35","date_gmt":"2026-01-23T09:27:35","guid":{"rendered":"https:\/\/dev.minilernkreis.de\/ost-friesland\/?post_type=ort&#038;p=20"},"modified":"2026-03-28T22:13:17","modified_gmt":"2026-03-28T21:13:17","slug":"nachhilfe-grossefehn","status":"publish","type":"ort","link":"https:\/\/minilernkreis.de\/ost-friesland\/orte\/nachhilfe-grossefehn\/","title":{"rendered":"Nachhilfe in Gro\u00dfefehn"},"content":{"rendered":"\n<div class=\"wp-block-group mlk-hero ort is-layout-constrained wp-block-group-is-layout-constrained\" style=\"padding-top:var(--wp--preset--spacing--60);padding-bottom:var(--wp--preset--spacing--60)\">\n<div class=\"wp-block-group is-layout-constrained wp-container-core-group-is-layout-4383d167 wp-block-group-is-layout-constrained\">\n<div class=\"wp-block-group is-layout-grid wp-container-core-group-is-layout-966e7d1b wp-block-group-is-layout-grid\">\n<div class=\"wp-block-group is-layout-constrained wp-container-core-group-is-layout-80fb368b wp-block-group-is-layout-constrained\" style=\"padding-top:var(--wp--preset--spacing--30);padding-right:var(--wp--preset--spacing--30);padding-bottom:var(--wp--preset--spacing--30);padding-left:var(--wp--preset--spacing--30)\">\n<h1 class=\"wp-block-heading has-raleway-font-family\" style=\"font-size:clamp(1.25rem, 1.25rem + ((1vw - 0.2rem) * 0.938), 2rem);font-style:normal;font-weight:600\">Nachhilfe und Lernf\u00f6rderung in Gro\u00dfefehn<\/h1>\n\n\n\n<h2 class=\"wp-block-heading\" style=\"font-size:clamp(1.146rem, 1.146rem + ((1vw - 0.2rem) * 0.818), 1.8rem);font-style:normal;font-weight:500\"><\/h2>\n\n\n\n<div class=\"wp-block-group mlk-hero-feature is-layout-constrained wp-container-core-group-is-layout-346627ba wp-block-group-is-layout-constrained\">\n<div class=\"mlk-feature text\">\n\t<div class=\"icon text\">\n\t\t<i class=\"fa-solid fa-check\"><\/i>\n\t<\/div>\n\t<div class=\"text\">\n\t\t<span class=\"title\">Professionelle Nachhilfe- und F\u00f6rderunterricht<\/span>\n\t\t<span class=\"subtitle\">in Gro\u00dfefehn und weiteren St\u00e4dten und Gemeinden in der Umgebung<\/span>\n\t<\/div>\n<\/div>\n\n\n\n<div class=\"mlk-feature text\">\n\t<div class=\"icon text\">\n\t\t<i class=\"fa-solid fa-check\"><\/i>\n\t<\/div>\n\t<div class=\"text\">\n\t\t<span class=\"title\">Nachhilfe vor Ort oder im Online-Unterricht<\/span>\n\t\t<span class=\"subtitle\">Wie Sie m\u00f6chten!<\/span>\n\t<\/div>\n<\/div>\n\n\n\n<div class=\"mlk-feature text\">\n\t<div class=\"icon text\">\n\t\t<i class=\"fa-solid fa-check\"><\/i>\n\t<\/div>\n\t<div class=\"text\">\n\t\t<span class=\"title\">Lernen in der kleinen gruppen(2-4 Sch\u00fcler) oder <\/span>\n\t\t<span class=\"subtitle\">im Einzelunterricht zu Hause<\/span>\n\t<\/div>\n<\/div>\n<\/div>\n\n\n\n<div class=\"wp-block-group mlk-hero-text-pannel is-content-justification-center is-layout-flex wp-container-core-group-is-layout-10430e69 wp-block-group-is-layout-flex\">\n<div class=\"wp-block-mlk-cta mlk-cta-wrapper\"><a class=\"mlk-cta-button pink rounded\" href=\"kontakt\"><i class=\"fa-solid fa-calendar-check\"><\/i><span>Kontaktformular<\/span><\/a><\/div>\n\n\n\n<div class=\"wp-block-mlk-cta mlk-cta-wrapper\"><a class=\"mlk-cta-button blue-pink rounded\" href=\"tel:04943 405 81 91\"><i class=\"fa-solid fa-phone-flip\"><\/i><span>04943 405 81 91<\/span><\/a><\/div>\n<\/div>\n<\/div>\n\n\n\n<div class=\"wp-block-group is-layout-constrained wp-container-core-group-is-layout-a47e864c wp-block-group-is-layout-constrained\" style=\"padding-top:var(--wp--preset--spacing--80);padding-right:var(--wp--preset--spacing--50);padding-bottom:var(--wp--preset--spacing--80);padding-left:var(--wp--preset--spacing--50)\">\n<figure class=\"wp-block-image aligncenter size-full has-custom-border\"><img loading=\"lazy\" decoding=\"async\" width=\"2560\" height=\"1707\" src=\"https:\/\/minilernkreis.de\/ost-friesland\/wp-content\/uploads\/sites\/5\/Fehnbruecken-scaled.jpeg\" alt=\"Sch\u00fclerhilfe in Gro\u00dfefehn\" class=\"wp-image-569\" style=\"border-top-left-radius:25px;border-top-right-radius:25px;border-bottom-left-radius:25px;border-bottom-right-radius:25px;object-fit:cover\" title=\"Nachhilfe und Lernf\u00f6rderung in Gro\u00dfefehn\" srcset=\"https:\/\/minilernkreis.de\/ost-friesland\/wp-content\/uploads\/sites\/5\/Fehnbruecken-scaled.jpeg 2560w, https:\/\/minilernkreis.de\/ost-friesland\/wp-content\/uploads\/sites\/5\/Fehnbruecken-300x200.jpeg 300w, https:\/\/minilernkreis.de\/ost-friesland\/wp-content\/uploads\/sites\/5\/Fehnbruecken-1024x683.jpeg 1024w, https:\/\/minilernkreis.de\/ost-friesland\/wp-content\/uploads\/sites\/5\/Fehnbruecken-768x512.jpeg 768w, https:\/\/minilernkreis.de\/ost-friesland\/wp-content\/uploads\/sites\/5\/Fehnbruecken-1536x1024.jpeg 1536w, https:\/\/minilernkreis.de\/ost-friesland\/wp-content\/uploads\/sites\/5\/Fehnbruecken-2048x1365.jpeg 2048w\" sizes=\"auto, (max-width: 2560px) 100vw, 2560px\" \/><figcaption class=\"wp-element-caption\">Fehnkanal-Br\u00fccken in Spetzerfehn<\/figcaption><\/figure>\n<\/div>\n<\/div>\n<\/div>\n<\/div>\n\n\n\n<div class=\"wp-block-group mlk-content has-base-background-color has-background is-layout-flow wp-block-group-is-layout-flow\" style=\"margin-top:var(--wp--preset--spacing--50);margin-bottom:var(--wp--preset--spacing--50);padding-bottom:0\">\n<div class=\"wp-block-group px-3 is-layout-constrained wp-container-core-group-is-layout-862e2ca9 wp-block-group-is-layout-constrained\" style=\"margin-top:0;margin-bottom:0;padding-bottom:0\">\n<h2 class=\"wp-block-heading has-text-align-center has-primary-color has-text-color\" style=\"margin-bottom:var(--wp--preset--spacing--20);font-style:normal;font-weight:600\">Ihre Vorteile bei uns<\/h2>\n\n\n\n<p class=\"has-text-align-center\" style=\"margin-bottom:var(--wp--preset--spacing--20)\">Nachhilfe in allen F\u00e4chern und f\u00fcr alle Schularten von der Grundschule bis zum Abitur<\/p>\n\n\n\n<p class=\"has-text-align-center\" style=\"margin-bottom:var(--wp--preset--spacing--20)\">Fachspezifischer und fachhomogener Einzel- und Gruppenunterricht<\/p>\n\n\n\n<p class=\"has-text-align-center\" style=\"margin-bottom:var(--wp--preset--spacing--20)\">LRS- (Lese-\/Rechtschreibschw\u00e4che) und Legasthenie-Kurse<\/p>\n\n\n\n<p class=\"has-text-align-center\">\u00dcber 50 Jahre Erfahrung im Bildungsbereich<\/p>\n<\/div>\n<\/div>\n\n\n\n<div class=\"wp-block-group has-light-background-color has-background is-layout-flow wp-block-group-is-layout-flow\" style=\"margin-top:0;margin-bottom:0;padding-top:var(--wp--preset--spacing--80);padding-bottom:var(--wp--preset--spacing--80)\">\n<div class=\"wp-block-group px-3 is-layout-constrained wp-container-core-group-is-layout-21088a30 wp-block-group-is-layout-constrained\" style=\"padding-right:0;padding-left:0\">\n<div class=\"wp-block-group is-layout-grid wp-container-core-group-is-layout-0bda656e wp-block-group-is-layout-grid\">\n<div class=\"wp-block-group is-vertical is-layout-flex wp-container-core-group-is-layout-fe9cc265 wp-block-group-is-layout-flex\">\n<h2 class=\"wp-block-heading has-text-align-left has-secondary-color has-text-color\" style=\"margin-bottom:var(--wp--preset--spacing--40);font-style:normal;font-weight:600\">Nachhilfe in\n\t\t\t\t\tGro\u00dfefehn<\/h2>\n\n\n\n<p class=\"has-text-align-left\" style=\"margin-bottom:0;font-size:clamp(14px, 0.875rem + ((1vw - 3.2px) * 0.469), 20px);font-style:normal;font-weight:500\">Mini-Lernkreis Gro\u00dfefehn<br>Alte Norderwieke Ost 34, 26629 Gro\u00dfefehn<\/p>\n\n\n\n<div style=\"height:0px\" aria-hidden=\"true\" class=\"wp-block-spacer wp-container-content-d613cd94\"><\/div>\n\n\n\n<p class=\"has-text-align-left\" style=\"font-style:normal;font-weight:500\">Einzelnachhilfe<br>beim Sch\u00fcler zu Hause<\/p>\n\n\n\n<div style=\"height:0px\" aria-hidden=\"true\" class=\"wp-block-spacer wp-container-content-209d8a0c\"><\/div>\n\n\n\n<div class=\"wp-block-group is-nowrap is-layout-flex wp-container-core-group-is-layout-f1189ed3 wp-block-group-is-layout-flex\">\n<p style=\"font-style:normal;font-weight:500\">Unterricht<\/p>\n\n\n\n<p style=\"font-style:normal;font-weight:500\"> in Kleinstgruppen (2 Sch\u00fcler + 1 Lehrkraft)<\/p>\n<\/div>\n\n\n\n<div style=\"height:100px;width:0px\" aria-hidden=\"true\" class=\"wp-block-spacer wp-container-content-d613cd94\"><\/div>\n\n\n\n<div class=\"wp-block-group is-nowrap is-layout-flex wp-container-core-group-is-layout-f1189ed3 wp-block-group-is-layout-flex\">\n<p style=\"font-style:normal;font-weight:500\">Gruppenunterricht <\/p>\n\n\n\n<p style=\"font-style:normal;font-weight:500\">(3 bis 4 Sch\u00fcler)<\/p>\n<\/div>\n<\/div>\n\n\n\n<figure class=\"wp-block-image size-full has-custom-border is-style-rounded\"><img loading=\"lazy\" decoding=\"async\" width=\"600\" height=\"400\" src=\"https:\/\/minilernkreis.de\/ost-friesland\/wp-content\/uploads\/sites\/5\/teacher-helping-young-girl-with-writing-lesson.jpg\" alt=\"Einzelnachhilfe in Gro\u00dfefehn\" class=\"wp-image-613\" style=\"border-style:none;border-width:0px;border-top-left-radius:25px;border-top-right-radius:25px;border-bottom-left-radius:25px;border-bottom-right-radius:25px\" title=\"Nachhilfe in Gro\u00dfefehn\" srcset=\"https:\/\/minilernkreis.de\/ost-friesland\/wp-content\/uploads\/sites\/5\/teacher-helping-young-girl-with-writing-lesson.jpg 600w, https:\/\/minilernkreis.de\/ost-friesland\/wp-content\/uploads\/sites\/5\/teacher-helping-young-girl-with-writing-lesson-300x200.jpg 300w\" sizes=\"auto, (max-width: 600px) 100vw, 600px\" \/><figcaption class=\"wp-element-caption\">Einzelnachilfe beim Mini-Lernkreis<\/figcaption><\/figure>\n<\/div>\n<\/div>\n<\/div>\n\n\n\n<div class=\"wp-block-group is-layout-constrained wp-block-group-is-layout-constrained\">\n<div class=\"wp-block-group my-5 mx-3 has-base-background-color has-background is-layout-constrained wp-container-core-group-is-layout-f36bc466 wp-block-group-is-layout-constrained\"><div class=\"mlk-checker shadow-secondary-30 wp-block-mlk-checker\" data-wp-interactive=\"mlkChecker\" data-wp-context='{\"index\":0,\"status\":\"question\",\"returnTo\":0,\"questions\":[\"Erhalten Sie Unterst\\u00fctzung vom Jobcenter?\",\"Erhalten Sie Leistungen vom Sozialamt oder der Wohngeldstelle?\",\"Erhalten Sie zus\\u00e4tzlich zum Kindergeld einen Kinderzuschlag?\",\"Beziehen Sie Leistungen \\u00fcber das Asylbewerberleistungsgesetz?\"]}' style=\"--mlk-checker-bg: #ffffff; --mlk-badge-bg: linear-gradient(90deg, rgba(202, 19, 133, 0.12), rgba(202, 19, 133, 0.18)); --mlk-badge-text: var(--wp--preset--color--secondary); --mlk-badge-icon: var(--wp--preset--color--secondary); --mlk-badge-icon-bg: transparent;\">\n\t<div class=\"mlk-checker-card\">\n\t\t<div class=\"mlk-checker-head\">\n\t\t\t\t\t\t\t<h2 class=\"mlk-checker-title\">Machen Sie jetzt den BuT-Check \u2013 in nur 4 Fragen zur kostenlosen Lernf\u00f6rderung!<\/h2>\n\t\t\t\t\t\t\t\t\t\t<p class=\"mlk-checker-subtitle\">Finden Sie in weniger als einer Minute heraus, ob Sie Anspruch auf Nachhilfe \u00fcber das Bildungs- und Teilhabeprogramm haben.<\/p>\n\t\t\t\n\t\t\t\t\t\t\t<div class=\"mlk-checker-badge\">\n\t\t\t\t\t<span class=\"checker-badge-icon\" aria-hidden=\"true\"><i class=\"fas fa-search\"><\/i><\/span>\n\t\t\t\t\t<span>Schnell &amp; ohne Verpflichtung<\/span>\n\t\t\t\t<\/div>\n\t\t\t\t\t<\/div>\n\n\t\t<div class=\"mlk-checker-body\">\n\t\t\t<div\n\t\t\t\tclass=\"mlk-checker-question\"\n\t\t\t\tdata-wp-bind--hidden=\"!state.isQuestionStage\"\n\t\t\t>\n\t\t\t\t<div class=\"mlk-checker-question-head\" data-wp-bind--hidden=\"!state.canGoBack\">\n\t\t\t\t\t<button\n\t\t\t\t\t\ttype=\"button\"\n\t\t\t\t\t\tclass=\"mlk-checker-back\"\n\t\t\t\t\t\tdata-wp-on--click=\"actions.goBack\"\n\t\t\t\t\t\tdata-wp-bind--hidden=\"!state.canGoBack\"\n\t\t\t\t\t>\n\t\t\t\t\t\t<i class=\"fa fa-arrow-left\" aria-hidden=\"true\"><\/i>\n\t\t\t\t\t\t<span>Zur\u00fcck<\/span>\n\t\t\t\t\t<\/button>\n\t\t\t\t<\/div>\n\t\t\t\t<h3 class=\"mlk-checker-question-title\" data-wp-text=\"state.question\"><\/h3>\n\n\t\t\t\t<div class=\"mlk-checker-actions\" role=\"group\" aria-label=\"Antworten\">\n\t\t\t\t\t<button\n\t\t\t\t\t\ttype=\"button\"\n\t\t\t\t\t\tclass=\"checker-button yes\"\n\t\t\t\t\t\tdata-wp-on--click=\"actions.answerYes\"\n\t\t\t\t\t>\n\t\t\t\t\t\tJa\t\t\t\t\t<\/button>\n\t\t\t\t\t<button\n\t\t\t\t\t\ttype=\"button\"\n\t\t\t\t\t\tclass=\"checker-button no\"\n\t\t\t\t\t\tdata-wp-on--click=\"actions.answerNo\"\n\t\t\t\t\t>\n\t\t\t\t\t\tNein\t\t\t\t\t<\/button>\n\t\t\t\t<\/div>\n\t\t\t<\/div>\n\n\t\t\t<div\n\t\t\t\tclass=\"mlk-checker-success\"\n\t\t\t\tdata-wp-bind--hidden=\"!state.isSuccessStage\"\n\t\t\t>\n\t\t\t\t<div class=\"mlk-checker-question-head\" data-wp-bind--hidden=\"!state.canGoBack\">\n\t\t\t\t\t<button\n\t\t\t\t\t\ttype=\"button\"\n\t\t\t\t\t\tclass=\"mlk-checker-back\"\n\t\t\t\t\t\tdata-wp-on--click=\"actions.goBack\"\n\t\t\t\t\t\tdata-wp-bind--hidden=\"!state.canGoBack\"\n\t\t\t\t\t>\n\t\t\t\t\t\t<i class=\"fa fa-arrow-left\" aria-hidden=\"true\"><\/i>\n\t\t\t\t\t\t<span>Zur\u00fcck<\/span>\n\t\t\t\t\t<\/button>\n\t\t\t\t<\/div>\n\n\t\t\t\t<div class=\"checker-icon success\" aria-hidden=\"true\">\n\t\t\t\t\t<i class=\"fa fa-check\"><\/i>\n\t\t\t\t<\/div>\n\t\t\t\t<div class=\"checker-success-head\">\n\t\t\t\t\t\t\t\t\t\t\t<h3>Ihre Chancen auf kostenlose Lernf\u00f6rderung stehen sehr gut!<\/h3>\n\t\t\t\t\t\t\t\t\t\t\t\t\t\t\t\t<p>Nehmen Sie gerne Kontakt mit uns auf, wir helfen Ihnen weiter!<\/p>\n\t\t\t\t\t\t\t\t\t<\/div>\n\t\t\t\t<div class=\"checker-form\">\n\t\t\t\t\t\t\t\t\t<\/div>\n                <div class=\"checker-contact-cta\">\n                    <a class=\"mlk-cta-button pink-blue rounded\" href=\"kontakt\"><i class=\"fa-solid fa-calendar-check\"><\/i><span>Kontaktformular<\/span><\/a>\n                <\/div>\n\t\t\t<\/div>\n\n\t\t\t<div\n\t\t\t\tclass=\"mlk-checker-end\"\n\t\t\t\tdata-wp-bind--hidden=\"!state.isEndStage\"\n\t\t\t>\n\t\t\t\t<div class=\"mlk-checker-question-head\" data-wp-bind--hidden=\"!state.canGoBack\">\n\t\t\t\t\t<button\n\t\t\t\t\t\ttype=\"button\"\n\t\t\t\t\t\tclass=\"mlk-checker-back\"\n\t\t\t\t\t\tdata-wp-on--click=\"actions.goBack\"\n\t\t\t\t\t\tdata-wp-bind--hidden=\"!state.canGoBack\"\n\t\t\t\t\t>\n\t\t\t\t\t\t<i class=\"fa fa-arrow-left\" aria-hidden=\"true\"><\/i>\n\t\t\t\t\t\t<span>Zur\u00fcck<\/span>\n\t\t\t\t\t<\/button>\n\t\t\t\t<\/div>\n\n\t\t\t\t<div class=\"checker-icon end\" aria-hidden=\"true\">\n\t\t\t\t\t<i class=\"fa fa-times\"><\/i>\n\t\t\t\t<\/div>\n\t\t\t\t\t\t\t\t\t<h3>Leider erf\u00fcllen Sie aktuell nicht die Voraussetzungen f\u00fcr eine F\u00f6rderung.<\/h3>\n\t\t\t\t\t\t\t\t\t\t\t\t\t<p>\n                        Nehmen Sie gerne Kontakt mit uns auf, wir helfen Ihnen weiter!                    <\/p>\n\t\t\t\t                <div class=\"checker-contact-cta\">\n                    <a class=\"mlk-cta-button pink-blue rounded\" href=\"kontakt\"><i class=\"fa-solid fa-calendar-check\"><\/i><span>Kontaktformular<\/span><\/a>\n                <\/div>\n\t\t\t<\/div>\n\t\t<\/div>\n\t<\/div>\n<\/div>\n<\/div>\n<\/div>\n\n\n\n<div class=\"wp-block-group mlk-ort-kontaktzeile is-layout-flow wp-block-group-is-layout-flow\" style=\"margin-top:var(--wp--preset--spacing--80);margin-bottom:var(--wp--preset--spacing--80)\">\n<div class=\"wp-block-group px-3 has-small-font-size is-layout-constrained wp-container-core-group-is-layout-3d1eaa83 wp-block-group-is-layout-constrained\" style=\"padding-right:var(--wp--preset--spacing--50);padding-left:var(--wp--preset--spacing--50)\">\n<div class=\"wp-block-columns is-layout-flex wp-container-core-columns-is-layout-28f84493 wp-block-columns-is-layout-flex\">\n<div class=\"wp-block-column is-vertically-aligned-center is-layout-flow wp-block-column-is-layout-flow\" style=\"flex-basis:7%\">\n<div style=\"--mlk-icon-bg:var(--wp--preset--color--secondary);--mlk-icon-color:#ffffff;--mlk-icon-size:36px;\" class=\"mlk-icon circle has-bg wp-block-mlk-icon\">\n    <i class=\"mlk-icon__icon fa-solid fa-phone\"><\/i>\n<\/div>\n<\/div>\n\n\n\n<div class=\"wp-block-column is-vertically-aligned-center is-layout-flow wp-block-column-is-layout-flow\" style=\"flex-basis:40%\">\n<p class=\"has-text-align-center has-primary-color has-text-color has-link-color wp-elements-9cd067cd5c3a01991a914e9d31185d8b\" style=\"font-size:clamp(18.959px, 1.185rem + ((1vw - 3.2px) * 0.863), 30px);font-style:normal;font-weight:600\">Lassen Sie sich jetzt beraten!<\/p>\n<\/div>\n\n\n\n<div class=\"wp-block-column is-vertically-aligned-center is-layout-flow wp-block-column-is-layout-flow\" style=\"flex-basis:25%\">\n<p class=\"has-text-align-center has-secondary-color has-text-color\" style=\"font-size:clamp(21.536px, 1.346rem + ((1vw - 3.2px) * 1.052), 35px);font-style:normal;font-weight:600\">0800 &#8211; 006 22 44<\/p>\n<\/div>\n\n\n\n<div class=\"wp-block-column is-vertically-aligned-center is-layout-flow wp-block-column-is-layout-flow\" style=\"flex-basis:12%\">\n<p class=\"has-text-align-center has-primary-color has-text-color has-link-color has-medium-font-size wp-elements-29ffe73248caaa514e43f81d6295eb02\">\n\t\t\t\t\t(geb\u00fchrenfrei)<\/p>\n<\/div>\n\n\n\n<div class=\"wp-block-column is-vertically-aligned-center is-layout-flow wp-block-column-is-layout-flow\" style=\"flex-basis:15%\">\n<div class=\"wp-block-mlk-cta mlk-cta-wrapper\"><a class=\"mlk-cta-button blue-pink rounded\" href=\"tel:+4908000062244\"><i class=\"fa-solid fa-phone-flip\"><\/i><span>Anrufen<\/span><\/a><\/div>\n<\/div>\n<\/div>\n<\/div>\n<\/div>\n\n\n\n<section class=\"wp-block-group py-5 has-light-background-color has-background is-layout-constrained wp-container-core-group-is-layout-a22d48ea wp-block-group-is-layout-constrained\" style=\"margin-top:var(--wp--preset--spacing--80);margin-bottom:var(--wp--preset--spacing--80)\"><div class=\"mlk-tabs mt-5 px-3 wp-block-mlk-tabs\" data-wp-interactive=\"mlkTabs\" data-wp-context='{\"active\":0,\"count\":5,\"isEditor\":false}'>\n\t<div class=\"tab-buttons\" role=\"tablist\" aria-label=\"Tabs\">\n\t\t\t\t\t<button\n                type=\"button\"\n                id=\"mlk-tab-0\"\n                class=\"tab-button \"\n                data-tab-button=\"1\"\n                data-wp-context='{\"index\":0}'\n                data-wp-on--click=\"actions.setActive\"\n                data-wp-on--keydown=\"actions.onKeyDown\"\n\t\t\t\tdata-wp-class--active=\"state.isActive\"\n                data-wp-bind--aria-selected=\"state.isActive\"\n                data-wp-bind--tabindex=\"state.tabIndex\"\n                data-wp-bind--aria-current=\"state.isActive\"\n                role=\"tab\"\n            >\n\t\t\t\t<div class=\"tab-icon-wrapper\">\n\t\t\t\t\t<i class=\"fas fa-calculator tab-icon\" aria-hidden=\"true\"><\/i>\n\t\t\t\t\t<span class=\"subject-name\">Mathematik<\/span>\n\t\t\t\t<\/div>\n\t\t\t<\/button>\n\t\t\t\t\t<button\n                type=\"button\"\n                id=\"mlk-tab-1\"\n                class=\"tab-button \"\n                data-tab-button=\"1\"\n                data-wp-context='{\"index\":1}'\n                data-wp-on--click=\"actions.setActive\"\n                data-wp-on--keydown=\"actions.onKeyDown\"\n\t\t\t\tdata-wp-class--active=\"state.isActive\"\n                data-wp-bind--aria-selected=\"state.isActive\"\n                data-wp-bind--tabindex=\"state.tabIndex\"\n                data-wp-bind--aria-current=\"state.isActive\"\n                role=\"tab\"\n            >\n\t\t\t\t<div class=\"tab-icon-wrapper\">\n\t\t\t\t\t<i class=\"fas fa-pen-fancy tab-icon\" aria-hidden=\"true\"><\/i>\n\t\t\t\t\t<span class=\"subject-name\">Deutsch<\/span>\n\t\t\t\t<\/div>\n\t\t\t<\/button>\n\t\t\t\t\t<button\n                type=\"button\"\n                id=\"mlk-tab-2\"\n                class=\"tab-button \"\n                data-tab-button=\"1\"\n                data-wp-context='{\"index\":2}'\n                data-wp-on--click=\"actions.setActive\"\n                data-wp-on--keydown=\"actions.onKeyDown\"\n\t\t\t\tdata-wp-class--active=\"state.isActive\"\n                data-wp-bind--aria-selected=\"state.isActive\"\n                data-wp-bind--tabindex=\"state.tabIndex\"\n                data-wp-bind--aria-current=\"state.isActive\"\n                role=\"tab\"\n            >\n\t\t\t\t<div class=\"tab-icon-wrapper\">\n\t\t\t\t\t<i class=\"fas fa-flag tab-icon\" aria-hidden=\"true\"><\/i>\n\t\t\t\t\t<span class=\"subject-name\">Englisch<\/span>\n\t\t\t\t<\/div>\n\t\t\t<\/button>\n\t\t\t\t\t<button\n                type=\"button\"\n                id=\"mlk-tab-3\"\n                class=\"tab-button \"\n                data-tab-button=\"1\"\n                data-wp-context='{\"index\":3}'\n                data-wp-on--click=\"actions.setActive\"\n                data-wp-on--keydown=\"actions.onKeyDown\"\n\t\t\t\tdata-wp-class--active=\"state.isActive\"\n                data-wp-bind--aria-selected=\"state.isActive\"\n                data-wp-bind--tabindex=\"state.tabIndex\"\n                data-wp-bind--aria-current=\"state.isActive\"\n                role=\"tab\"\n            >\n\t\t\t\t<div class=\"tab-icon-wrapper\">\n\t\t\t\t\t<i class=\"fas fa-microscope tab-icon\" aria-hidden=\"true\"><\/i>\n\t\t\t\t\t<span class=\"subject-name\">NaWi<\/span>\n\t\t\t\t<\/div>\n\t\t\t<\/button>\n\t\t\t\t\t<button\n                type=\"button\"\n                id=\"mlk-tab-4\"\n                class=\"tab-button \"\n                data-tab-button=\"1\"\n                data-wp-context='{\"index\":4}'\n                data-wp-on--click=\"actions.setActive\"\n                data-wp-on--keydown=\"actions.onKeyDown\"\n\t\t\t\tdata-wp-class--active=\"state.isActive\"\n                data-wp-bind--aria-selected=\"state.isActive\"\n                data-wp-bind--tabindex=\"state.tabIndex\"\n                data-wp-bind--aria-current=\"state.isActive\"\n                role=\"tab\"\n            >\n\t\t\t\t<div class=\"tab-icon-wrapper\">\n\t\t\t\t\t<i class=\"fa-solid fa-earth-americas tab-icon\" aria-hidden=\"true\"><\/i>\n\t\t\t\t\t<span class=\"subject-name\">Weitere Sprachen<\/span>\n\t\t\t\t<\/div>\n\t\t\t<\/button>\n\t\t\t<\/div>\n\n\t<div class=\"tab-contents\">\n\t\t\t\t\t<div\n                class=\"tab-content\"\n                role=\"tabpanel\"\n                data-wp-context='{\"index\":0}'\n\t\t\t\tdata-wp-bind--hidden=\"state.isHidden\"\n                aria-labelledby=\"mlk-tab-0\"\n            >\n\t\t\t\t\n<div class=\"wp-block-group subject-detail is-layout-flow wp-block-group-is-layout-flow\">\n<div class=\"wp-block-cover is-light has-custom-content-position is-position-bottom-left subject-header\" style=\"border-top-left-radius:1.25rem;border-top-right-radius:1.25rem;border-bottom-left-radius:1.25rem;border-bottom-right-radius:1.25rem;min-height:300px;aspect-ratio:unset;\"><img decoding=\"async\" class=\"wp-block-cover__image-background wp-image-213 size-full\" alt=\"Mathematik-Nachhilfe in Gro\u00dfefehn\" src=\"\/wp-content\/themes\/mlk-theme\/assets\/images\/photo-1596495577886-d920f1fb7238.avif\" data-object-fit=\"cover\" \/><span aria-hidden=\"true\" class=\"wp-block-cover__background has-background-dim-40 has-background-dim\" style=\"background-color:#dccfce\"><\/span><div class=\"wp-block-cover__inner-container is-layout-flow wp-block-cover-is-layout-flow\">\n<h3 class=\"wp-block-heading\">Mathematik Nachhilfe<\/h3>\n\n\n\n<p>Durch unsere qualifizierten Lehrkr\u00e4fte werden selbst anspruchsvolle Themen greifbar. Wir st\u00e4rken das mathematische Verst\u00e4ndnis Ihres Kindes nachhaltig und f\u00f6rdern die F\u00e4higkeit, eigenst\u00e4ndig L\u00f6sungen f\u00fcr komplexe Aufgaben zu entwickeln.<\/p>\n<\/div><\/div>\n\n\n\n<div class=\"wp-block-group subject-content  mt-4 is-layout-flow wp-block-group-is-layout-flow\">\n<div class=\"wp-block-group is-layout-grid wp-container-core-group-is-layout-cce86133 wp-block-group-is-layout-grid\">\n<div class=\"wp-block-group is-layout-constrained wp-block-group-is-layout-constrained\">\n<div class=\"wp-block-group is-nowrap is-layout-flex wp-container-core-group-is-layout-fc054d2d wp-block-group-is-layout-flex\">\n<div style=\"--mlk-icon-bg:var(--wp--preset--color--secondary);--mlk-icon-color:#CA1385;--mlk-icon-size:24px;\" class=\"mlk-icon text wp-block-mlk-icon\">\n    <i class=\"mlk-icon__icon fa-solid fa-star\"><\/i>\n<\/div>\n\n\n\n<h4 class=\"wp-block-heading\">\n\t\t\t\t\t\t\t<strong>Grundlagen<\/strong>\n\t\t\t\t\t\t<\/h4>\n<\/div>\n\n\n\n<ul class=\"wp-block-list mlk-cheklist has-check-color-secondary ps-4 mt-3\">\n<li>Arithmetik &amp; Grundrechenarten<\/li>\n\n\n\n<li>Bruchrechnung<\/li>\n\n\n\n<li>Prozentrechnung<\/li>\n<\/ul>\n<\/div>\n\n\n\n<div class=\"wp-block-group is-content-justification-center is-layout-constrained wp-block-group-is-layout-constrained\">\n<div class=\"wp-block-group is-content-justification-left is-nowrap is-layout-flex wp-container-core-group-is-layout-174ca0a5 wp-block-group-is-layout-flex\">\n<div style=\"--mlk-icon-bg:var(--wp--preset--color--secondary);--mlk-icon-color:#CA1385;--mlk-icon-size:24px;\" class=\"mlk-icon text wp-block-mlk-icon\">\n    <i class=\"mlk-icon__icon fa-solid fa-rocket\"><\/i>\n<\/div>\n\n\n\n<h4 class=\"wp-block-heading\">\n\t\t\t\t\t\t\t<strong>Fortgeschritten<\/strong>\n\t\t\t\t\t\t<\/h4>\n<\/div>\n\n\n\n<ul class=\"wp-block-list mlk-cheklist has-check-color-secondary ps-4 mt-3\">\n<li>Algebra &amp; Geometrie<\/li>\n\n\n\n<li>Analysis &amp; Stochastik<\/li>\n\n\n\n<li>Vektorrechnung<\/li>\n<\/ul>\n<\/div>\n<\/div>\n<\/div>\n<\/div>\n\t\t\t<\/div>\n\t\t\t\t\t<div\n                class=\"tab-content\"\n                role=\"tabpanel\"\n                data-wp-context='{\"index\":1}'\n\t\t\t\tdata-wp-bind--hidden=\"state.isHidden\"\n                aria-labelledby=\"mlk-tab-1\"\n            >\n\t\t\t\t\n<div class=\"wp-block-group subject-detail is-layout-flow wp-block-group-is-layout-flow\">\n<div class=\"wp-block-cover is-light has-custom-content-position is-position-bottom-left subject-header\" style=\"border-top-left-radius:20px;border-top-right-radius:20px;border-bottom-left-radius:20px;border-bottom-right-radius:20px;min-height:300px;aspect-ratio:unset;\"><img decoding=\"async\" class=\"wp-block-cover__image-background wp-image-209 size-full\" alt=\"Deutsch-Lernf\u00f6rderung in Gro\u00dfefehn\" src=\"\/wp-content\/themes\/mlk-theme\/assets\/images\/flag-germany-1536x1024.jpg\" data-object-fit=\"cover\" \/><span aria-hidden=\"true\" class=\"wp-block-cover__background has-background-dim-40 has-background-dim\" style=\"background-color:#b0783b\"><\/span><div class=\"wp-block-cover__inner-container is-layout-flow wp-block-cover-is-layout-flow\">\n<h3 class=\"wp-block-heading\">Deutsch Nachhilfe<\/h3>\n\n\n\n<p>Erfahrene P\u00e4dagogen bereiten komplexe sprachliche Fragestellungen anschaulich auf. Ziel ist es, das Text- und Sprachverst\u00e4ndnis Ihres Kindes nachhaltig zu festigen, sodass Lerninhalte nicht nur erfasst, sondern eigenst\u00e4ndig und sicher angewendet werden k\u00f6nnen.<\/p>\n<\/div><\/div>\n\n\n\n<div class=\"wp-block-group subject-content mt-4 is-layout-flow wp-block-group-is-layout-flow\">\n<div class=\"wp-block-group is-layout-grid wp-container-core-group-is-layout-cce86133 wp-block-group-is-layout-grid\">\n<div class=\"wp-block-group is-layout-constrained wp-block-group-is-layout-constrained\">\n<div class=\"wp-block-group is-nowrap is-layout-flex wp-container-core-group-is-layout-fc054d2d wp-block-group-is-layout-flex\">\n<div style=\"--mlk-icon-bg:var(--wp--preset--color--secondary);--mlk-icon-color:#CA1385;--mlk-icon-size:24px;\" class=\"mlk-icon text wp-block-mlk-icon\">\n    <i class=\"mlk-icon__icon fa-solid fa-book\"><\/i>\n<\/div>\n\n\n\n<h4 class=\"wp-block-heading\">\n\t\t\t\t\t\t\t<strong>Grundkompetenzen<\/strong>\n\t\t\t\t\t\t<\/h4>\n<\/div>\n\n\n\n<ul class=\"wp-block-list mlk-cheklist has-check-color-secondary ps-4 mt-3\">\n<li>Rechtschreibung &amp; Grammatik<\/li>\n\n\n\n<li>Leseverst\u00e4ndnis<\/li>\n\n\n\n<li>Textproduktion<\/li>\n<\/ul>\n<\/div>\n\n\n\n<div class=\"wp-block-group is-content-justification-center is-layout-constrained wp-block-group-is-layout-constrained\">\n<div class=\"wp-block-group is-content-justification-left is-nowrap is-layout-flex wp-container-core-group-is-layout-174ca0a5 wp-block-group-is-layout-flex\">\n<div style=\"--mlk-icon-bg:var(--wp--preset--color--secondary);--mlk-icon-color:#CA1385;--mlk-icon-size:24px;\" class=\"mlk-icon text wp-block-mlk-icon\">\n    <i class=\"mlk-icon__icon fa-solid fa-feather\"><\/i>\n<\/div>\n\n\n\n<h4 class=\"wp-block-heading\">\n\t\t\t\t\t\t\t<strong>Literatur &amp; Analyse<\/strong>\n\t\t\t\t\t\t<\/h4>\n<\/div>\n\n\n\n<ul class=\"wp-block-list mlk-cheklist has-check-color-secondary ps-4 mt-3\">\n<li>Textanalyse &amp; Interpretation<\/li>\n\n\n\n<li>Aufsatz &amp; Er\u00f6rterung<\/li>\n\n\n\n<li>Literaturgeschichte<\/li>\n<\/ul>\n<\/div>\n<\/div>\n<\/div>\n<\/div>\n\t\t\t<\/div>\n\t\t\t\t\t<div\n                class=\"tab-content\"\n                role=\"tabpanel\"\n                data-wp-context='{\"index\":2}'\n\t\t\t\tdata-wp-bind--hidden=\"state.isHidden\"\n                aria-labelledby=\"mlk-tab-2\"\n            >\n\t\t\t\t\n<div class=\"wp-block-group subject-detail is-layout-flow wp-block-group-is-layout-flow\">\n<div class=\"wp-block-cover is-light has-custom-content-position is-position-bottom-left subject-header\" style=\"border-top-left-radius:20px;border-top-right-radius:20px;border-bottom-left-radius:20px;border-bottom-right-radius:20px;min-height:300px;aspect-ratio:unset;\"><img decoding=\"async\" class=\"wp-block-cover__image-background wp-image-212 size-full\" alt=\"Englisch-Nachhilfe in Gro\u00dfefehn\" src=\"\/wp-content\/themes\/mlk-theme\/assets\/images\/12182-1536x1088.jpg\" data-object-fit=\"cover\" \/><span aria-hidden=\"true\" class=\"wp-block-cover__background has-background-dim-40 has-background-dim\" style=\"background-color:#e5d3d8\"><\/span><div class=\"wp-block-cover__inner-container is-layout-flow wp-block-cover-is-layout-flow\">\n<h3 class=\"wp-block-heading\">Englisch Nachhilfe<\/h3>\n\n\n\n<p>Unser Unterricht legt besonderen Wert auf die aktive Kommunikationsf\u00e4higkeit, die Festigung grammatikalischer Strukturen sowie die gezielte Erweiterung des Wortschatzes f\u00fcr eine sichere und fl\u00fcssige Ausdrucksweise.<\/p>\n<\/div><\/div>\n\n\n\n<div class=\"wp-block-group subject-content mt-4 is-layout-flow wp-block-group-is-layout-flow\">\n<div class=\"wp-block-group is-layout-grid wp-container-core-group-is-layout-cce86133 wp-block-group-is-layout-grid\">\n<div class=\"wp-block-group is-layout-constrained wp-block-group-is-layout-constrained\">\n<div class=\"wp-block-group is-nowrap is-layout-flex wp-container-core-group-is-layout-fc054d2d wp-block-group-is-layout-flex\">\n<div style=\"--mlk-icon-bg:var(--wp--preset--color--secondary);--mlk-icon-color:#CA1385;--mlk-icon-size:24px;\" class=\"mlk-icon text wp-block-mlk-icon\">\n    <i class=\"mlk-icon__icon fa-solid fa-comments\"><\/i>\n<\/div>\n\n\n\n<h4 class=\"wp-block-heading\">\n\t\t\t\t\t\t\t<strong>Sprachgrundlagen<\/strong>\n\t\t\t\t\t\t<\/h4>\n<\/div>\n\n\n\n<ul class=\"wp-block-list mlk-cheklist has-check-color-secondary ps-4 mt-3\">\n<li>Grammatik &amp; Vokabeln<\/li>\n\n\n\n<li>Aussprache<\/li>\n\n\n\n<li>H\u00f6r- &amp; Leseverst\u00e4ndnis<\/li>\n<\/ul>\n<\/div>\n\n\n\n<div class=\"wp-block-group is-content-justification-center is-layout-constrained wp-block-group-is-layout-constrained\">\n<div class=\"wp-block-group is-content-justification-left is-nowrap is-layout-flex wp-container-core-group-is-layout-174ca0a5 wp-block-group-is-layout-flex\">\n<div style=\"--mlk-icon-bg:var(--wp--preset--color--secondary);--mlk-icon-color:#CA1385;--mlk-icon-size:24px;\" class=\"mlk-icon text wp-block-mlk-icon\">\n    <i class=\"mlk-icon__icon fa-solid fa-globe\"><\/i>\n<\/div>\n\n\n\n<h4 class=\"wp-block-heading\">\n\t\t\t\t\t\t\t<strong>Kommunikation<\/strong>\n\t\t\t\t\t\t<\/h4>\n<\/div>\n\n\n\n<ul class=\"wp-block-list mlk-cheklist has-check-color-secondary ps-4 mt-3\">\n<li>Konversation &amp; Sprechen<\/li>\n\n\n\n<li>Business English<\/li>\n\n\n\n<li>Pr\u00e4sentationen<\/li>\n<\/ul>\n<\/div>\n<\/div>\n<\/div>\n<\/div>\n\t\t\t<\/div>\n\t\t\t\t\t<div\n                class=\"tab-content\"\n                role=\"tabpanel\"\n                data-wp-context='{\"index\":3}'\n\t\t\t\tdata-wp-bind--hidden=\"state.isHidden\"\n                aria-labelledby=\"mlk-tab-3\"\n            >\n\t\t\t\t\n<div class=\"wp-block-group subject-detail is-layout-flow wp-block-group-is-layout-flow\">\n<div class=\"wp-block-cover is-light has-custom-content-position is-position-bottom-left subject-header\" style=\"border-top-left-radius:20px;border-top-right-radius:20px;border-bottom-left-radius:20px;border-bottom-right-radius:20px;min-height:300px;aspect-ratio:unset;\"><img decoding=\"async\" class=\"wp-block-cover__image-background wp-image-211 size-full\" alt=\"Nachhilfe in Naturwissenschaftsf\u00e4chern in Gro\u00dfefehn\" src=\"\/wp-content\/themes\/mlk-theme\/assets\/images\/photo-1532094349884-543bc11b234d.avif\" style=\"object-position:52% 9%\" data-object-fit=\"cover\" data-object-position=\"52% 9%\" \/><span aria-hidden=\"true\" class=\"wp-block-cover__background has-background-dim-40 has-background-dim\" style=\"background-color:#b3b8c1\"><\/span><div class=\"wp-block-cover__inner-container is-layout-flow wp-block-cover-is-layout-flow\">\n<h3 class=\"wp-block-heading\">Naturwissenschaften<\/h3>\n\n\n\n<p>Wir bereiten abstrakte wissenschaftliche Theorien anschaulich und praxisnah auf. Durch unsere F\u00f6rderung werden komplexe Prozesse greifbar, sodass Ihr Kind ein tiefgreifendes Verst\u00e4ndnis f\u00fcr die faszinierenden Zusammenh\u00e4nge unserer Umwelt entwickelt.<\/p>\n<\/div><\/div>\n\n\n\n<div class=\"wp-block-group subject-content mt-4 is-layout-flow wp-block-group-is-layout-flow\">\n<div class=\"wp-block-group is-layout-grid wp-container-core-group-is-layout-29776e93 wp-block-group-is-layout-grid\">\n<div class=\"wp-block-group is-layout-constrained wp-block-group-is-layout-constrained\">\n<div class=\"wp-block-group is-nowrap is-layout-flex wp-container-core-group-is-layout-fc054d2d wp-block-group-is-layout-flex\">\n<div style=\"--mlk-icon-bg:var(--wp--preset--color--secondary);--mlk-icon-color:#CA1385;--mlk-icon-size:24px;\" class=\"mlk-icon text wp-block-mlk-icon\">\n    <i class=\"mlk-icon__icon fa-solid fa-atom\"><\/i>\n<\/div>\n\n\n\n<h4 class=\"wp-block-heading\">\n\t\t\t\t\t\t\t<strong>Physik<\/strong>\n\t\t\t\t\t\t<\/h4>\n<\/div>\n\n\n\n<ul class=\"wp-block-list mlk-cheklist has-check-color-secondary ps-4 mt-3\">\n<li>Mechanik &amp; Kinematik<\/li>\n\n\n\n<li>Elektrizit\u00e4tslehre<\/li>\n\n\n\n<li>Optik &amp; Wellen<\/li>\n<\/ul>\n<\/div>\n\n\n\n<div class=\"wp-block-group is-content-justification-center is-layout-constrained wp-block-group-is-layout-constrained\">\n<div class=\"wp-block-group is-content-justification-left is-nowrap is-layout-flex wp-container-core-group-is-layout-174ca0a5 wp-block-group-is-layout-flex\">\n<div style=\"--mlk-icon-bg:var(--wp--preset--color--secondary);--mlk-icon-color:#CA1385;--mlk-icon-size:24px;\" class=\"mlk-icon text wp-block-mlk-icon\">\n    <i class=\"mlk-icon__icon fa-solid fa-flask\"><\/i>\n<\/div>\n\n\n\n<h4 class=\"wp-block-heading\">\n\t\t\t\t\t\t\t<strong>Chemie<\/strong>\n\t\t\t\t\t\t<\/h4>\n<\/div>\n\n\n\n<ul class=\"wp-block-list mlk-cheklist has-check-color-secondary ps-4 mt-3\">\n<li>Organische Chemie<\/li>\n\n\n\n<li>Anorganische Chemie<\/li>\n\n\n\n<li>Biochemie<\/li>\n<\/ul>\n<\/div>\n\n\n\n<div class=\"wp-block-group is-content-justification-center is-layout-constrained wp-block-group-is-layout-constrained\">\n<div class=\"wp-block-group is-content-justification-left is-nowrap is-layout-flex wp-container-core-group-is-layout-174ca0a5 wp-block-group-is-layout-flex\">\n<div style=\"--mlk-icon-bg:var(--wp--preset--color--secondary);--mlk-icon-color:#CA1385;--mlk-icon-size:24px;\" class=\"mlk-icon text wp-block-mlk-icon\">\n    <i class=\"mlk-icon__icon fa-solid fa-microscope\"><\/i>\n<\/div>\n\n\n\n<h4 class=\"wp-block-heading\">\n\t\t\t\t\t\t\t<strong>Biologie<\/strong>\n\t\t\t\t\t\t<\/h4>\n<\/div>\n\n\n\n<ul class=\"wp-block-list mlk-cheklist has-check-color-secondary ps-4 mt-3\">\n<li>Genetik &amp; Zellbiologie<\/li>\n\n\n\n<li>\u00d6kologie<\/li>\n\n\n\n<li>Evolution<\/li>\n<\/ul>\n<\/div>\n<\/div>\n<\/div>\n<\/div>\n\t\t\t<\/div>\n\t\t\t\t\t<div\n                class=\"tab-content\"\n                role=\"tabpanel\"\n                data-wp-context='{\"index\":4}'\n\t\t\t\tdata-wp-bind--hidden=\"state.isHidden\"\n                aria-labelledby=\"mlk-tab-4\"\n            >\n\t\t\t\t\n<div class=\"wp-block-group subject-detail is-layout-flow wp-block-group-is-layout-flow\">\n<div class=\"wp-block-cover is-light has-custom-content-position is-position-bottom-left subject-header\" style=\"border-top-left-radius:20px;border-top-right-radius:20px;border-bottom-left-radius:20px;border-bottom-right-radius:20px;min-height:300px;aspect-ratio:unset;\"><img decoding=\"async\" class=\"wp-block-cover__image-background wp-image-210 size-large\" alt=\"Nachhilfe in Franz\u00f6sisch, Spanisch und Latein\" src=\"\/wp-content\/themes\/mlk-theme\/assets\/images\/7986-1024x1024.jpg\" style=\"object-position:48% 79%\" data-object-fit=\"cover\" data-object-position=\"48% 79%\" \/><span aria-hidden=\"true\" class=\"wp-block-cover__background has-background-dim-40 has-background-dim\" style=\"background-color:#e9e5e2\"><\/span><div class=\"wp-block-cover__inner-container is-layout-flow wp-block-cover-is-layout-flow\">\n<h3 class=\"wp-block-heading\">Weitere Sprachen<\/h3>\n\n\n\n<p>Von den lebendigen Weltsprachen wie Franz\u00f6sisch bis hin zu den klassischen Grundlagen des Lateinischen \u2013 wir begleiten Sie mit fachlicher Expertise beim systematischen Kompetenzaufbau<\/p>\n<\/div><\/div>\n\n\n\n<div class=\"wp-block-group subject-content mt-4 is-layout-flow wp-block-group-is-layout-flow\">\n<div class=\"wp-block-group is-layout-grid wp-container-core-group-is-layout-29776e93 wp-block-group-is-layout-grid\">\n<div class=\"wp-block-group is-layout-constrained wp-block-group-is-layout-constrained\">\n<div class=\"wp-block-group is-nowrap is-layout-flex wp-container-core-group-is-layout-fc054d2d wp-block-group-is-layout-flex\">\n<div style=\"--mlk-icon-bg:var(--wp--preset--color--secondary);--mlk-icon-color:#CA1385;--mlk-icon-size:24px;\" class=\"mlk-icon text wp-block-mlk-icon\">\n    <i class=\"mlk-icon__icon fa-solid fa-language\"><\/i>\n<\/div>\n\n\n\n<h4 class=\"wp-block-heading ps-2\">\n\t\t\t\t\t\t\t<strong>Franz\u00f6sisch<\/strong>\n\t\t\t\t\t\t<\/h4>\n<\/div>\n\n\n\n<ul class=\"wp-block-list mlk-cheklist has-check-color-secondary ps-4 mt-3\">\n<li>Grammatik &amp; Vokabeln<\/li>\n\n\n\n<li>Konversation<\/li>\n\n\n\n<li>DELF Vorbereitung<\/li>\n<\/ul>\n<\/div>\n\n\n\n<div class=\"wp-block-group is-content-justification-center is-layout-constrained wp-block-group-is-layout-constrained\">\n<div class=\"wp-block-group is-content-justification-left is-nowrap is-layout-flex wp-container-core-group-is-layout-174ca0a5 wp-block-group-is-layout-flex\">\n<div style=\"--mlk-icon-bg:var(--wp--preset--color--secondary);--mlk-icon-color:#CA1385;--mlk-icon-size:24px;\" class=\"mlk-icon text wp-block-mlk-icon\">\n    <i class=\"mlk-icon__icon fa-solid fa-language\"><\/i>\n<\/div>\n\n\n\n<h4 class=\"wp-block-heading ps-2\">\n\t\t\t\t\t\t\t<strong>Spanisch<\/strong>\n\t\t\t\t\t\t<\/h4>\n<\/div>\n\n\n\n<ul class=\"wp-block-list mlk-cheklist has-check-color-secondary ps-4 mt-3\">\n<li>Aussprache &amp; Betonung<\/li>\n\n\n\n<li>Alltagskommunikation<\/li>\n\n\n\n<li>DELE Vorbereitung<\/li>\n<\/ul>\n<\/div>\n\n\n\n<div class=\"wp-block-group is-content-justification-center is-layout-constrained wp-block-group-is-layout-constrained\">\n<div class=\"wp-block-group is-content-justification-left is-nowrap is-layout-flex wp-container-core-group-is-layout-174ca0a5 wp-block-group-is-layout-flex\">\n<div style=\"--mlk-icon-bg:var(--wp--preset--color--secondary);--mlk-icon-color:#CA1385;--mlk-icon-size:24px;\" class=\"mlk-icon text wp-block-mlk-icon\">\n    <i class=\"mlk-icon__icon fa-solid fa-language\"><\/i>\n<\/div>\n\n\n\n<h4 class=\"wp-block-heading ps-2\">\n\t\t\t\t\t\t\t<strong>Latein<\/strong>\n\t\t\t\t\t\t<\/h4>\n<\/div>\n\n\n\n<ul class=\"wp-block-list mlk-cheklist has-check-color-secondary ps-4 mt-3\">\n<li>Grammatik &amp; \u00dcbersetzung<\/li>\n\n\n\n<li>Textanalyse<\/li>\n\n\n\n<li>Latinum Vorbereitung<\/li>\n<\/ul>\n<\/div>\n<\/div>\n<\/div>\n<\/div>\n\t\t\t<\/div>\n\t\t\t<\/div>\n<\/div>\n<\/section>\n\n\n\n<div class=\"wp-block-group is-layout-constrained wp-block-group-is-layout-constrained\" style=\"margin-top:var(--wp--preset--spacing--80);margin-bottom:var(--wp--preset--spacing--80)\">\n<div class=\"wp-block-group px-3 is-layout-constrained wp-container-core-group-is-layout-4383d167 wp-block-group-is-layout-constrained\">\n<div class=\"wp-block-group is-vertical is-content-justification-center is-layout-flex wp-container-core-group-is-layout-ce155fab wp-block-group-is-layout-flex\">\n<h2 class=\"wp-block-heading has-text-align-center has-primary-color has-text-color\" style=\"font-style:normal;font-weight:600\">Online Nachhilfe<\/h2>\n\n\n\n<p class=\"has-text-align-center\">Flexibel und effektiv lernen &#8211; von \u00fcberall aus<\/p>\n<\/div>\n\n\n\n<div style=\"height:10px\" aria-hidden=\"true\" class=\"wp-block-spacer\"><\/div>\n<\/div>\n\n\n\n<div class=\"wp-block-group px-3 is-layout-constrained wp-container-core-group-is-layout-4383d167 wp-block-group-is-layout-constrained\">\n<div class=\"wp-block-group shadow-primary-30 has-base-background-color has-background is-layout-grid wp-container-core-group-is-layout-04fb19a0 wp-block-group-is-layout-grid\" style=\"border-top-left-radius:25px;border-top-right-radius:25px;border-bottom-left-radius:25px;border-bottom-right-radius:25px;padding-top:var(--wp--preset--spacing--30);padding-right:var(--wp--preset--spacing--30);padding-bottom:var(--wp--preset--spacing--30);padding-left:var(--wp--preset--spacing--30)\">\n<div class=\"wp-block-group is-vertical is-layout-flex wp-container-core-group-is-layout-00b93691 wp-block-group-is-layout-flex\" style=\"border-top-left-radius:20px;border-bottom-left-radius:20px;padding-top:var(--wp--preset--spacing--40);padding-right:var(--wp--preset--spacing--70);padding-bottom:var(--wp--preset--spacing--40);padding-left:var(--wp--preset--spacing--70);font-style:normal;font-weight:500;box-shadow:none\">\n<h3 class=\"wp-block-heading has-secondary-color has-text-color\"><strong>Pers\u00f6nliche Beratung<\/strong>\n\t\t\t\t<\/h3>\n\n\n\n<p class=\"has-medium-font-size\">Lassen Sie sich von uns individuell beraten und erfahren Sie mehr \u00fcber\n\t\t\t\t\tunser qualitativ hochwertiges Online-Nachhilfe-Angebot<\/p>\n\n\n\n<div style=\"height:0px\" aria-hidden=\"true\" class=\"wp-block-spacer wp-container-content-b0b89ccb\"><\/div>\n\n\n\n<div class=\"mlk-feature text\">\n\t<div class=\"icon text\">\n\t\t<i class=\"fa-solid fa-house\"><\/i>\n\t<\/div>\n\t<div class=\"text\">\n\t\t<span class=\"title\">Lernen von Zuhause<\/span>\n\t\t<span class=\"subtitle\">Bequem und zeitsparend<\/span>\n\t<\/div>\n<\/div>\n\n\n\n<div style=\"height:0px\" aria-hidden=\"true\" class=\"wp-block-spacer wp-container-content-b0b89ccb\"><\/div>\n\n\n\n<div class=\"mlk-feature text\">\n\t<div class=\"icon text\">\n\t\t<i class=\"fa-solid fa-mobile\"><\/i>\n\t<\/div>\n\t<div class=\"text\">\n\t\t<span class=\"title\">Einfache Technik-Einf\u00fchrung<\/span>\n\t\t<span class=\"subtitle\">DSGVO-Konforme Kommunikation<\/span>\n\t<\/div>\n<\/div>\n\n\n\n<div style=\"height:0px\" aria-hidden=\"true\" class=\"wp-block-spacer wp-container-content-b0b89ccb\"><\/div>\n\n\n\n<div class=\"mlk-feature text\">\n\t<div class=\"icon text\">\n\t\t<i class=\"fa-solid fa-clock\"><\/i>\n\t<\/div>\n\t<div class=\"text\">\n\t\t<span class=\"title\">Flexible Zeiteinteilung<\/span>\n\t\t<span class=\"subtitle\">Auch Abends und am Wochenende<\/span>\n\t<\/div>\n<\/div>\n<\/div>\n\n\n\n<div class=\"wp-block-group has-base-background-color has-background is-content-justification-right is-layout-constrained wp-container-core-group-is-layout-f1f2ed93 wp-block-group-is-layout-constrained\" style=\"border-top-right-radius:20px;border-bottom-right-radius:20px;box-shadow:none\">\n<figure class=\"wp-block-image aligncenter size-large has-custom-border\"><img decoding=\"async\" src=\"\/wp-content\/themes\/mlk-theme\/assets\/images\/student-online-young-cute-girl-glasses-orange-sweater-studying-computer-pointing-front-1024x683.webp\" alt=\"Online-Nachhilfe in Gro\u00dfefehn\" class=\"wp-image-122\" style=\"border-top-left-radius:20px;border-top-right-radius:20px;border-bottom-left-radius:20px;border-bottom-right-radius:20px;aspect-ratio:1.499297204435421;object-fit:cover\" title=\"Online-Nachhilfe in Gro\u00dfefehn\" \/><\/figure>\n<\/div>\n<\/div>\n<\/div>\n<\/div>\n\n\n\n<div class=\"wp-block-group mlk-accordion mlk-accordion--header-primary mlk-accordion--content-light inactive is-content-justification-left is-layout-constrained wp-container-core-group-is-layout-8b4c372c wp-block-group-is-layout-constrained\">\n<div class=\"wp-block-group mlk-accordion__header is-content-justification-center is-layout-constrained wp-container-core-group-is-layout-dc06fb1d wp-block-group-is-layout-constrained\">\n<div class=\"wp-block-group mlk-accordion__title-wrapper is-content-justification-space-between is-nowrap is-layout-flex wp-container-core-group-is-layout-4d6718bc wp-block-group-is-layout-flex\">\n<div class=\"wp-block-group wp-container-content-9cfa9a5a is-layout-constrained wp-container-core-group-is-layout-9cc87a51 wp-block-group-is-layout-constrained\">\n<h2 class=\"wp-block-heading alignfull has-text-align-left mlk-accordion__title has-large-font-size wp-container-content-885d38d7\">Bietet der Mini-Lernkreis Einzelnachhilfe in Gro\u00dfefehn an?<\/h2>\n<\/div>\n\n\n\n<div class=\"wp-block-group wp-container-content-69bc4bdf is-content-justification-right is-layout-constrained wp-container-core-group-is-layout-7935c738 wp-block-group-is-layout-constrained\" style=\"padding-right:0;padding-left:var(--wp--preset--spacing--80)\">\n<div style=\"--mlk-icon-bg:var(--wp--preset--color--secondary);--mlk-icon-color:#ffffff;--mlk-icon-size:2rem;\" class=\"mlk-icon text wp-block-mlk-icon\">\n    <i class=\"mlk-icon__icon fa-solid fa-chevron-down mlk-accordion__icon\"><\/i>\n<\/div>\n<\/div>\n<\/div>\n<\/div>\n\n\n\n<div class=\"wp-block-group mlk-accordion__content active px-3 is-layout-constrained wp-container-core-group-is-layout-4383d167 wp-block-group-is-layout-constrained\">\n<div class=\"wp-block-group mlk-accordion__content-inner is-layout-constrained wp-block-group-is-layout-constrained\">\n<div class=\"wp-block-group container is-layout-constrained wp-block-group-is-layout-constrained\">\n<p>Ja unsere individuelle Einzelf\u00f6rderung findet f\u00fcr s\u00e4mtliche Klassenstufen direkt im h\u00e4uslichen Umfeld der Sch\u00fcler statt. Das vorrangige Ziel ist der Abbau von Lernr\u00fcckst\u00e4nden, um die Sch\u00fcler zur eigenst\u00e4ndigen Bew\u00e4ltigung des aktuellen Schulstoffs sowie zum rascheren Verst\u00e4ndnis komplexer Zusammenh\u00e4nge zu bef\u00e4higen. Die w\u00f6chentlichen Termine umfassen wahlweise 60 oder 90 Minuten (exklusive Ferien- und Feiertagszeiten). Da Lateinkenntnisse f\u00fcr viele Studienrichtungen unerl\u00e4sslich sind, halten wir auch in diesem Fach spezielle Unterst\u00fctzungsangebote bereit<\/p>\n<\/div>\n<\/div>\n<\/div>\n<\/div>\n\n\n\n<div class=\"wp-block-group mlk-accordion mlk-accordion--header-secondary mlk-accordion--content-light inactive is-content-justification-left is-layout-constrained wp-container-core-group-is-layout-12dd3699 wp-block-group-is-layout-constrained\">\n<div class=\"wp-block-group mlk-accordion__header is-content-justification-center is-layout-constrained wp-container-core-group-is-layout-dc06fb1d wp-block-group-is-layout-constrained\">\n<div class=\"wp-block-group mlk-accordion__title-wrapper is-nowrap is-layout-flex wp-container-core-group-is-layout-c0d5ccf6 wp-block-group-is-layout-flex\">\n<div class=\"wp-block-group wp-container-content-9cfa9a5a is-content-justification-left is-layout-constrained wp-container-core-group-is-layout-5c10f4ab wp-block-group-is-layout-constrained\">\n<h2 class=\"wp-block-heading has-text-align-left mlk-accordion__title has-large-font-size wp-container-content-885d38d7\">Lese-Rechtschreib-Schw\u00e4che-Lerntherapie in Gro\u00dfefehn m\u00f6glich?<\/h2>\n<\/div>\n\n\n\n<div class=\"wp-block-group wp-container-content-69bc4bdf is-content-justification-right is-layout-constrained wp-container-core-group-is-layout-7935c738 wp-block-group-is-layout-constrained\" style=\"padding-right:0;padding-left:var(--wp--preset--spacing--80)\">\n<div style=\"--mlk-icon-bg:var(--wp--preset--color--secondary);--mlk-icon-color:#ffffff;--mlk-icon-size:2rem;\" class=\"mlk-icon text wp-block-mlk-icon\">\n    <i class=\"mlk-icon__icon fa-solid fa-chevron-down mlk-accordion__icon\"><\/i>\n<\/div>\n<\/div>\n<\/div>\n<\/div>\n\n\n\n<div class=\"wp-block-group mlk-accordion__content active px-3 is-layout-constrained wp-container-core-group-is-layout-4383d167 wp-block-group-is-layout-constrained\">\n<div class=\"wp-block-group mlk-accordion__content-inner is-layout-constrained wp-block-group-is-layout-constrained\">\n<div class=\"wp-block-group container is-layout-constrained wp-block-group-is-layout-constrained\">\n<p>Ja f\u00fcr Kinder und Jugendliche mit Lese- Rechtschreibschw\u00e4che (LRS) wird Einzelunterricht in Kooperation mit speziellen F\u00f6rderprogrammen des Lernservers angeboten. In der Praxis hat sich diese vom Lernserver an der Universit\u00e4t M\u00fcnster entwickelte F\u00f6rderdiagnostik vielfach bew\u00e4hrt.<\/p>\n<\/div>\n<\/div>\n<\/div>\n<\/div>\n\n\n\n<div class=\"wp-block-group mlk-accordion mlk-accordion--header-primary mlk-accordion--content-light inactive is-content-justification-left is-layout-constrained wp-container-core-group-is-layout-12dd3699 wp-block-group-is-layout-constrained\">\n<div class=\"wp-block-group mlk-accordion__header is-content-justification-center is-layout-constrained wp-container-core-group-is-layout-dc06fb1d wp-block-group-is-layout-constrained\">\n<div class=\"wp-block-group mlk-accordion__title-wrapper is-nowrap is-layout-flex wp-container-core-group-is-layout-d7104b08 wp-block-group-is-layout-flex\">\n<div class=\"wp-block-group wp-container-content-9cfa9a5a is-content-justification-left is-layout-constrained wp-container-core-group-is-layout-5c10f4ab wp-block-group-is-layout-constrained\">\n<h2 class=\"wp-block-heading has-text-align-left mlk-accordion__title has-large-font-size wp-container-content-885d38d7\">Kostenlose Nachhilfe in Gro\u00dfefehn m\u00f6glich<\/h2>\n<\/div>\n\n\n\n<div class=\"wp-block-group wp-container-content-69bc4bdf is-content-justification-right is-layout-constrained wp-container-core-group-is-layout-7935c738 wp-block-group-is-layout-constrained\" style=\"padding-right:0;padding-left:var(--wp--preset--spacing--80)\">\n<div style=\"--mlk-icon-bg:var(--wp--preset--color--secondary);--mlk-icon-color:#ffffff;--mlk-icon-size:2rem;\" class=\"mlk-icon text wp-block-mlk-icon\">\n    <i class=\"mlk-icon__icon fa-solid fa-chevron-down mlk-accordion__icon\"><\/i>\n<\/div>\n<\/div>\n<\/div>\n<\/div>\n\n\n\n<div class=\"wp-block-group mlk-accordion__content active px-3 is-layout-constrained wp-container-core-group-is-layout-4383d167 wp-block-group-is-layout-constrained\">\n<div class=\"wp-block-group mlk-accordion__content-inner is-layout-constrained wp-block-group-is-layout-constrained\">\n<div class=\"wp-block-group container is-layout-constrained wp-block-group-is-layout-constrained\">\n<p>Ja unsere Nachhilfe kann \u00fcber Bildung und Teilhabe gef\u00f6rdert werden. Wir sind ein anerkannter Leistungsanbieter des Landkreises Aurich. Gerne beraten wir Sie und helfen Ihnen bei der Antragstellung.<\/p>\n<\/div>\n<\/div>\n<\/div>\n\n\n\n<div class=\"wp-block-group mlk-accordion__header is-content-justification-center is-layout-constrained wp-container-core-group-is-layout-dc06fb1d wp-block-group-is-layout-constrained\">\n<div class=\"wp-block-group mlk-accordion__title-wrapper is-nowrap is-layout-flex wp-container-core-group-is-layout-d7104b08 wp-block-group-is-layout-flex\">\n<div class=\"wp-block-group wp-container-content-9cfa9a5a is-content-justification-left is-layout-constrained wp-container-core-group-is-layout-5c10f4ab wp-block-group-is-layout-constrained\">\n<h2 class=\"wp-block-heading has-text-align-left mlk-accordion__title has-large-font-size wp-container-content-885d38d7\">Sind Crash-Kurse in Gro\u00dfefehn m\u00f6glich<\/h2>\n<\/div>\n\n\n\n<div class=\"wp-block-group wp-container-content-69bc4bdf is-content-justification-right is-layout-constrained wp-container-core-group-is-layout-7935c738 wp-block-group-is-layout-constrained\" style=\"padding-right:0;padding-left:var(--wp--preset--spacing--80)\">\n<div style=\"--mlk-icon-bg:var(--wp--preset--color--secondary);--mlk-icon-color:#ffffff;--mlk-icon-size:2rem;\" class=\"mlk-icon text wp-block-mlk-icon\">\n    <i class=\"mlk-icon__icon fa-solid fa-chevron-down mlk-accordion__icon\"><\/i>\n<\/div>\n<\/div>\n<\/div>\n<\/div>\n\n\n\n<div class=\"wp-block-group mlk-accordion__content active px-3 is-layout-constrained wp-container-core-group-is-layout-4383d167 wp-block-group-is-layout-constrained\">\n<div class=\"wp-block-group mlk-accordion__content-inner is-layout-constrained wp-block-group-is-layout-constrained\">\n<div class=\"wp-block-group container is-layout-constrained wp-block-group-is-layout-constrained\">\n<p>Unsere gezielten Vorbereitungskurse begleiten Sch\u00fcler sicher zum Abitur sowie zum Realschulabschluss. Mit dem Programm \u201eFit f\u00fcr die F\u00fcnfte\u201c unterst\u00fctzen wir zudem Kinder beim erfolgreichen \u00dcbergang auf die Realschule oder das Gymnasium. So sorgen wir f\u00fcr einen souver\u00e4nen Abschluss und einen optimalen Start in neue Schulphasen.<\/p>\n<\/div>\n<\/div>\n<\/div>\n<\/div>\n\n\n\n<div class=\"wp-block-group has-light-background-color has-background is-layout-flow wp-block-group-is-layout-flow\" style=\"margin-top:var(--wp--preset--spacing--50);margin-bottom:var(--wp--preset--spacing--50);padding-top:var(--wp--preset--spacing--50);padding-bottom:var(--wp--preset--spacing--50)\">\n<div class=\"wp-block-group px-3 is-layout-constrained wp-container-core-group-is-layout-4383d167 wp-block-group-is-layout-constrained\">\n<div class=\"wp-block-group is-layout-grid wp-container-core-group-is-layout-56b368d5 wp-block-group-is-layout-grid\">\n<div class=\"wp-block-group is-content-justification-center is-layout-constrained wp-block-group-is-layout-constrained\">\n<div class=\"wp-block-group has-medium-font-size is-vertical is-layout-flex wp-container-core-group-is-layout-535b741f wp-block-group-is-layout-flex\" style=\"padding-right:var(--wp--preset--spacing--80);padding-left:0;font-style:normal;font-weight:500\">\n<h2 class=\"wp-block-heading has-primary-color has-text-color\"><strong>Werden Sie Teil unseres\n\t\t\t\t\t\t\tTeams<\/strong><\/h2>\n\n\n\n<p class=\"has-text-color has-text-color\">Wir suchen st\u00e4ndig Lehrkr\u00e4fte auf Honorarbasis f\u00fcr alle Schularten in allen Schulf\u00e4chern bis hin zur Abiturvorbereitung.<\/p>\n\n\n\n<div style=\"height:0px\" aria-hidden=\"true\" class=\"wp-block-spacer wp-container-content-b0b89ccb\"><\/div>\n\n\n\n<div class=\"mlk-feature circle\">\n\t<div class=\"icon circle\">\n\t\t<i class=\"fa-solid fa-clock\"><\/i>\n\t<\/div>\n\t<div class=\"text\">\n\t\t<span class=\"title\">Flexible Arbeitszeiten<\/span>\n\t\t<span class=\"subtitle\">Planen Sie Ihren Unterricht nach Ihren Vorstellungen<\/span>\n\t<\/div>\n<\/div>\n\n\n\n<div style=\"height:0px\" aria-hidden=\"true\" class=\"wp-block-spacer wp-container-content-728072c3\"><\/div>\n\n\n\n<div class=\"mlk-feature circle\">\n\t<div class=\"icon circle\">\n\t\t<i class=\"fa-solid fa-euro\"><\/i>\n\t<\/div>\n\t<div class=\"text\">\n\t\t<span class=\"title\">Attraktive Verg\u00fctung<\/span>\n\t\t<span class=\"subtitle\">Profitieren Sie von einer fairen Bezahlung<\/span>\n\t<\/div>\n<\/div>\n\n\n\n<div style=\"height:0px\" aria-hidden=\"true\" class=\"wp-block-spacer wp-container-content-728072c3\"><\/div>\n\n\n\n<div class=\"mlk-feature circle\">\n\t<div class=\"icon circle\">\n\t\t<i class=\"fa-solid fa-users\"><\/i>\n\t<\/div>\n\t<div class=\"text\">\n\t\t<span class=\"title\">Starkes Team<\/span>\n\t\t<span class=\"subtitle\">Werden Sie Teil einer engagierten Gemeinschaft<\/span>\n\t<\/div>\n<\/div>\n<\/div>\n\n\n\n<div style=\"height:100px\" aria-hidden=\"true\" class=\"wp-block-spacer\"><\/div>\n\n\n\n<div class=\"wp-block-group is-content-justification-left is-layout-constrained wp-container-core-group-is-layout-12dd3699 wp-block-group-is-layout-constrained\">\n<div class=\"wp-block-mlk-cta mlk-cta-wrapper\"><a class=\"mlk-cta-button blue rounded\" href=\"jobs\"><i class=\"fa-solid fa-briefcase\"><\/i><span>Jetzt Bewerben!<\/span><\/a><\/div>\n<\/div>\n<\/div>\n\n\n\n<div class=\"wp-block-group is-content-justification-right is-layout-constrained wp-container-core-group-is-layout-417f712f wp-block-group-is-layout-constrained\">\n<figure class=\"wp-block-image aligncenter size-full has-custom-border\"><img decoding=\"async\" src=\"\/wp-content\/themes\/mlk-theme\/assets\/images\/Lehrerbild.jpg\" alt=\"Nachhilfelehrkraft gesucht in Gro\u00dfefehn\" class=\"wp-image-124\" style=\"border-top-left-radius:20px;border-top-right-radius:20px;border-bottom-left-radius:20px;border-bottom-right-radius:20px;aspect-ratio:2\/3;object-fit:cover\" title=\"Nachhilfelehrkraft gesucht in Gro\u00dfefehn\" \/><\/figure>\n<\/div>\n<\/div>\n<\/div>\n<\/div>\n\n\n","protected":false},"template":"page-partner","class_list":["post-20","ort","type-ort","status-publish","hentry"],"yoast_head":"<!-- This site is optimized with the Yoast SEO plugin v27.4 - https:\/\/yoast.com\/product\/yoast-seo-wordpress\/ -->\n<title>Nachhilfe in Gro\u00dfefehn - Mini-Lernkreis<\/title>\n<meta name=\"description\" content=\"Nachhilfe und F\u00f6rderunterricht in Gro\u00dfefehn und Umgebung wie Spetzerfehn, Holtrop, Strackholt, Timmel, Mittegro\u00dfefehn oder Ostgro\u00dfefehn\" \/>\n<meta name=\"robots\" content=\"index, follow, max-snippet:-1, max-image-preview:large, max-video-preview:-1\" \/>\n<link rel=\"canonical\" href=\"https:\/\/minilernkreis.de\/ost-friesland\/orte\/nachhilfe-grossefehn\/\" \/>\n<meta property=\"og:locale\" content=\"de_DE\" \/>\n<meta property=\"og:type\" content=\"article\" \/>\n<meta property=\"og:title\" content=\"Nachhilfe in Gro\u00dfefehn - Mini-Lernkreis\" \/>\n<meta property=\"og:description\" content=\"Nachhilfe und F\u00f6rderunterricht in Gro\u00dfefehn und Umgebung wie Spetzerfehn, Holtrop, Strackholt, Timmel, Mittegro\u00dfefehn oder Ostgro\u00dfefehn\" \/>\n<meta property=\"og:url\" content=\"https:\/\/minilernkreis.de\/ost-friesland\/orte\/nachhilfe-grossefehn\/\" \/>\n<meta property=\"og:site_name\" content=\"Mini-Lernkreis Ostfriesland-Friesland\" \/>\n<meta property=\"article:publisher\" content=\"https:\/\/www.facebook.com\/profile.php?id=100090206196574\" \/>\n<meta property=\"article:modified_time\" content=\"2026-03-28T21:13:17+00:00\" \/>\n<meta property=\"og:image\" content=\"https:\/\/minilernkreis.de\/ost-friesland\/wp-content\/uploads\/sites\/5\/Fehnbruecken-scaled.jpeg\" \/>\n\t<meta property=\"og:image:width\" content=\"2560\" \/>\n\t<meta property=\"og:image:height\" content=\"1707\" \/>\n\t<meta property=\"og:image:type\" content=\"image\/jpeg\" \/>\n<meta name=\"twitter:card\" content=\"summary_large_image\" \/>\n<meta name=\"twitter:label1\" content=\"Gesch\u00e4tzte Lesezeit\" \/>\n\t<meta name=\"twitter:data1\" content=\"10\u00a0Minuten\" \/>\n<script type=\"application\/ld+json\" class=\"yoast-schema-graph\">{\"@context\":\"https:\\\/\\\/schema.org\",\"@graph\":[{\"@type\":\"WebPage\",\"@id\":\"https:\\\/\\\/minilernkreis.de\\\/ost-friesland\\\/orte\\\/nachhilfe-grossefehn\\\/\",\"url\":\"https:\\\/\\\/minilernkreis.de\\\/ost-friesland\\\/orte\\\/nachhilfe-grossefehn\\\/\",\"name\":\"Nachhilfe in Gro\u00dfefehn - Mini-Lernkreis\",\"isPartOf\":{\"@id\":\"https:\\\/\\\/minilernkreis.de\\\/ost-friesland\\\/#website\"},\"primaryImageOfPage\":{\"@id\":\"https:\\\/\\\/minilernkreis.de\\\/ost-friesland\\\/orte\\\/nachhilfe-grossefehn\\\/#primaryimage\"},\"image\":{\"@id\":\"https:\\\/\\\/minilernkreis.de\\\/ost-friesland\\\/orte\\\/nachhilfe-grossefehn\\\/#primaryimage\"},\"thumbnailUrl\":\"https:\\\/\\\/minilernkreis.de\\\/ost-friesland\\\/wp-content\\\/uploads\\\/sites\\\/5\\\/Fehnbruecken-scaled.jpeg\",\"datePublished\":\"2026-01-23T09:27:35+00:00\",\"dateModified\":\"2026-03-28T21:13:17+00:00\",\"description\":\"Nachhilfe und F\u00f6rderunterricht in Gro\u00dfefehn und Umgebung wie Spetzerfehn, Holtrop, Strackholt, Timmel, Mittegro\u00dfefehn oder Ostgro\u00dfefehn\",\"breadcrumb\":{\"@id\":\"https:\\\/\\\/minilernkreis.de\\\/ost-friesland\\\/orte\\\/nachhilfe-grossefehn\\\/#breadcrumb\"},\"inLanguage\":\"de\",\"potentialAction\":[{\"@type\":\"ReadAction\",\"target\":[\"https:\\\/\\\/minilernkreis.de\\\/ost-friesland\\\/orte\\\/nachhilfe-grossefehn\\\/\"]}]},{\"@type\":\"ImageObject\",\"inLanguage\":\"de\",\"@id\":\"https:\\\/\\\/minilernkreis.de\\\/ost-friesland\\\/orte\\\/nachhilfe-grossefehn\\\/#primaryimage\",\"url\":\"https:\\\/\\\/minilernkreis.de\\\/ost-friesland\\\/wp-content\\\/uploads\\\/sites\\\/5\\\/Fehnbruecken-scaled.jpeg\",\"contentUrl\":\"https:\\\/\\\/minilernkreis.de\\\/ost-friesland\\\/wp-content\\\/uploads\\\/sites\\\/5\\\/Fehnbruecken-scaled.jpeg\",\"width\":2560,\"height\":1707,\"caption\":\"Fehnkanal-Br\u00fccken in Spetzerfehn\"},{\"@type\":\"BreadcrumbList\",\"@id\":\"https:\\\/\\\/minilernkreis.de\\\/ost-friesland\\\/orte\\\/nachhilfe-grossefehn\\\/#breadcrumb\",\"itemListElement\":[{\"@type\":\"ListItem\",\"position\":1,\"name\":\"Start\",\"item\":\"https:\\\/\\\/minilernkreis.de\\\/ost-friesland\\\/\"},{\"@type\":\"ListItem\",\"position\":2,\"name\":\"Nachhilfe in Gro\u00dfefehn\"}]},{\"@type\":\"WebSite\",\"@id\":\"https:\\\/\\\/minilernkreis.de\\\/ost-friesland\\\/#website\",\"url\":\"https:\\\/\\\/minilernkreis.de\\\/ost-friesland\\\/\",\"name\":\"Mini-Lernkreis Ostfriesland-Friesland\",\"description\":\"Nachhilfe in Ostfriesland-Friesland\",\"publisher\":{\"@id\":\"https:\\\/\\\/minilernkreis.de\\\/ost-friesland\\\/#organization\"},\"potentialAction\":[{\"@type\":\"SearchAction\",\"target\":{\"@type\":\"EntryPoint\",\"urlTemplate\":\"https:\\\/\\\/minilernkreis.de\\\/ost-friesland\\\/?s={search_term_string}\"},\"query-input\":{\"@type\":\"PropertyValueSpecification\",\"valueRequired\":true,\"valueName\":\"search_term_string\"}}],\"inLanguage\":\"de\"},{\"@type\":\"Organization\",\"@id\":\"https:\\\/\\\/minilernkreis.de\\\/ost-friesland\\\/#organization\",\"name\":\"Mini-Lernkreis Ostfriesland-Friesland\",\"url\":\"https:\\\/\\\/minilernkreis.de\\\/ost-friesland\\\/\",\"logo\":{\"@type\":\"ImageObject\",\"inLanguage\":\"de\",\"@id\":\"https:\\\/\\\/minilernkreis.de\\\/ost-friesland\\\/#\\\/schema\\\/logo\\\/image\\\/\",\"url\":\"https:\\\/\\\/minilernkreis.de\\\/ost-friesland\\\/wp-content\\\/uploads\\\/sites\\\/5\\\/logo_minilernkreis.svg\",\"contentUrl\":\"https:\\\/\\\/minilernkreis.de\\\/ost-friesland\\\/wp-content\\\/uploads\\\/sites\\\/5\\\/logo_minilernkreis.svg\",\"width\":\"1024\",\"height\":\"1024\",\"caption\":\"Mini-Lernkreis Ostfriesland-Friesland\"},\"image\":{\"@id\":\"https:\\\/\\\/minilernkreis.de\\\/ost-friesland\\\/#\\\/schema\\\/logo\\\/image\\\/\"},\"sameAs\":[\"https:\\\/\\\/www.facebook.com\\\/profile.php?id=100090206196574\"]}]}<\/script>\n<!-- \/ Yoast SEO plugin. -->","yoast_head_json":{"title":"Nachhilfe in Gro\u00dfefehn - Mini-Lernkreis","description":"Nachhilfe und F\u00f6rderunterricht in Gro\u00dfefehn und Umgebung wie Spetzerfehn, Holtrop, Strackholt, Timmel, Mittegro\u00dfefehn oder Ostgro\u00dfefehn","robots":{"index":"index","follow":"follow","max-snippet":"max-snippet:-1","max-image-preview":"max-image-preview:large","max-video-preview":"max-video-preview:-1"},"canonical":"https:\/\/minilernkreis.de\/ost-friesland\/orte\/nachhilfe-grossefehn\/","og_locale":"de_DE","og_type":"article","og_title":"Nachhilfe in Gro\u00dfefehn - Mini-Lernkreis","og_description":"Nachhilfe und F\u00f6rderunterricht in Gro\u00dfefehn und Umgebung wie Spetzerfehn, Holtrop, Strackholt, Timmel, Mittegro\u00dfefehn oder Ostgro\u00dfefehn","og_url":"https:\/\/minilernkreis.de\/ost-friesland\/orte\/nachhilfe-grossefehn\/","og_site_name":"Mini-Lernkreis Ostfriesland-Friesland","article_publisher":"https:\/\/www.facebook.com\/profile.php?id=100090206196574","article_modified_time":"2026-03-28T21:13:17+00:00","og_image":[{"width":2560,"height":1707,"url":"https:\/\/minilernkreis.de\/ost-friesland\/wp-content\/uploads\/sites\/5\/Fehnbruecken-scaled.jpeg","type":"image\/jpeg"}],"twitter_card":"summary_large_image","twitter_misc":{"Gesch\u00e4tzte Lesezeit":"10\u00a0Minuten"},"schema":{"@context":"https:\/\/schema.org","@graph":[{"@type":"WebPage","@id":"https:\/\/minilernkreis.de\/ost-friesland\/orte\/nachhilfe-grossefehn\/","url":"https:\/\/minilernkreis.de\/ost-friesland\/orte\/nachhilfe-grossefehn\/","name":"Nachhilfe in Gro\u00dfefehn - Mini-Lernkreis","isPartOf":{"@id":"https:\/\/minilernkreis.de\/ost-friesland\/#website"},"primaryImageOfPage":{"@id":"https:\/\/minilernkreis.de\/ost-friesland\/orte\/nachhilfe-grossefehn\/#primaryimage"},"image":{"@id":"https:\/\/minilernkreis.de\/ost-friesland\/orte\/nachhilfe-grossefehn\/#primaryimage"},"thumbnailUrl":"https:\/\/minilernkreis.de\/ost-friesland\/wp-content\/uploads\/sites\/5\/Fehnbruecken-scaled.jpeg","datePublished":"2026-01-23T09:27:35+00:00","dateModified":"2026-03-28T21:13:17+00:00","description":"Nachhilfe und F\u00f6rderunterricht in Gro\u00dfefehn und Umgebung wie Spetzerfehn, Holtrop, Strackholt, Timmel, Mittegro\u00dfefehn oder Ostgro\u00dfefehn","breadcrumb":{"@id":"https:\/\/minilernkreis.de\/ost-friesland\/orte\/nachhilfe-grossefehn\/#breadcrumb"},"inLanguage":"de","potentialAction":[{"@type":"ReadAction","target":["https:\/\/minilernkreis.de\/ost-friesland\/orte\/nachhilfe-grossefehn\/"]}]},{"@type":"ImageObject","inLanguage":"de","@id":"https:\/\/minilernkreis.de\/ost-friesland\/orte\/nachhilfe-grossefehn\/#primaryimage","url":"https:\/\/minilernkreis.de\/ost-friesland\/wp-content\/uploads\/sites\/5\/Fehnbruecken-scaled.jpeg","contentUrl":"https:\/\/minilernkreis.de\/ost-friesland\/wp-content\/uploads\/sites\/5\/Fehnbruecken-scaled.jpeg","width":2560,"height":1707,"caption":"Fehnkanal-Br\u00fccken in Spetzerfehn"},{"@type":"BreadcrumbList","@id":"https:\/\/minilernkreis.de\/ost-friesland\/orte\/nachhilfe-grossefehn\/#breadcrumb","itemListElement":[{"@type":"ListItem","position":1,"name":"Start","item":"https:\/\/minilernkreis.de\/ost-friesland\/"},{"@type":"ListItem","position":2,"name":"Nachhilfe in Gro\u00dfefehn"}]},{"@type":"WebSite","@id":"https:\/\/minilernkreis.de\/ost-friesland\/#website","url":"https:\/\/minilernkreis.de\/ost-friesland\/","name":"Mini-Lernkreis Ostfriesland-Friesland","description":"Nachhilfe in Ostfriesland-Friesland","publisher":{"@id":"https:\/\/minilernkreis.de\/ost-friesland\/#organization"},"potentialAction":[{"@type":"SearchAction","target":{"@type":"EntryPoint","urlTemplate":"https:\/\/minilernkreis.de\/ost-friesland\/?s={search_term_string}"},"query-input":{"@type":"PropertyValueSpecification","valueRequired":true,"valueName":"search_term_string"}}],"inLanguage":"de"},{"@type":"Organization","@id":"https:\/\/minilernkreis.de\/ost-friesland\/#organization","name":"Mini-Lernkreis Ostfriesland-Friesland","url":"https:\/\/minilernkreis.de\/ost-friesland\/","logo":{"@type":"ImageObject","inLanguage":"de","@id":"https:\/\/minilernkreis.de\/ost-friesland\/#\/schema\/logo\/image\/","url":"https:\/\/minilernkreis.de\/ost-friesland\/wp-content\/uploads\/sites\/5\/logo_minilernkreis.svg","contentUrl":"https:\/\/minilernkreis.de\/ost-friesland\/wp-content\/uploads\/sites\/5\/logo_minilernkreis.svg","width":"1024","height":"1024","caption":"Mini-Lernkreis Ostfriesland-Friesland"},"image":{"@id":"https:\/\/minilernkreis.de\/ost-friesland\/#\/schema\/logo\/image\/"},"sameAs":["https:\/\/www.facebook.com\/profile.php?id=100090206196574"]}]}},"_links":{"self":[{"href":"https:\/\/minilernkreis.de\/ost-friesland\/wp-json\/wp\/v2\/ort\/20","targetHints":{"allow":["GET"]}}],"collection":[{"href":"https:\/\/minilernkreis.de\/ost-friesland\/wp-json\/wp\/v2\/ort"}],"about":[{"href":"https:\/\/minilernkreis.de\/ost-friesland\/wp-json\/wp\/v2\/types\/ort"}],"version-history":[{"count":24,"href":"https:\/\/minilernkreis.de\/ost-friesland\/wp-json\/wp\/v2\/ort\/20\/revisions"}],"predecessor-version":[{"id":816,"href":"https:\/\/minilernkreis.de\/ost-friesland\/wp-json\/wp\/v2\/ort\/20\/revisions\/816"}],"wp:attachment":[{"href":"https:\/\/minilernkreis.de\/ost-friesland\/wp-json\/wp\/v2\/media?parent=20"}],"curies":[{"name":"wp","href":"https:\/\/api.w.org\/{rel}","templated":true}]}}