{"id":4,"date":"2026-02-18T08:38:19","date_gmt":"2026-02-18T07:38:19","guid":{"rendered":"https:\/\/dev.minilernkreis.de\/oberfranken\/ueber-uns\/"},"modified":"2026-02-24T22:20:41","modified_gmt":"2026-02-24T21:20:41","slug":"ueber-uns","status":"publish","type":"page","link":"https:\/\/minilernkreis.de\/oberfranken\/ueber-uns\/","title":{"rendered":"\u00dcber uns"},"content":{"rendered":"\n<div class=\"wp-block-group has-base-background-color has-background is-layout-flow wp-block-group-is-layout-flow\" style=\"padding-top:0;padding-bottom:0\">\n<div class=\"wp-block-group px-4 py-5 has-light-background-color has-background is-layout-constrained wp-container-core-group-is-layout-18f2974a wp-block-group-is-layout-constrained\" style=\"margin-top:0;margin-bottom:0;padding-top:var(--wp--preset--spacing--80);padding-bottom:var(--wp--preset--spacing--80)\">\n<h1 class=\"wp-block-heading has-primary-color has-text-color has-raleway-font-family\"><strong>Der Mini-Lernkreis in der Region <\/strong>Oberfranken, Sonneberg &amp; Schleiz<\/h1>\n\n\n\n<div style=\"height:20px\" aria-hidden=\"true\" class=\"wp-block-spacer\"><\/div>\n\n\n\n<div class=\"wp-block-columns is-layout-flex wp-container-core-columns-is-layout-cf05694f wp-block-columns-is-layout-flex\">\n<div class=\"wp-block-column is-layout-flow wp-block-column-is-layout-flow\">\n<p>Seit <strong>1974<\/strong> steht der <strong>Mini-Lernkreis<\/strong> \u2013 urspr\u00fcnglich als \u201eLehrinstitut\n\t\t\t\t\tAdam\u201c gegr\u00fcndet \u2013 f\u00fcr <strong>erfolgreiche Sch\u00fclerf\u00f6rderung<\/strong> in ganz Deutschland. Heute sind\n\t\t\t\t\twir mit <strong>qualifizierten Lehrkr\u00e4ften<\/strong> auch in der Region Ulli Zapf vertreten\n\t\t\t\t\tund bieten <strong>individuelle Nachhilfe in Mini-Gruppen<\/strong> \u2013 f\u00fcr mehr Motivation, bessere\n\t\t\t\t\tNoten und Freude am Lernen.<\/p>\n<\/div>\n\n\n\n<div class=\"wp-block-column is-layout-flow wp-block-column-is-layout-flow\">\n<figure class=\"wp-block-image aligncenter size-full has-custom-border\"><img loading=\"lazy\" decoding=\"async\" width=\"1563\" height=\"2048\" src=\"https:\/\/minilernkreis.de\/oberfranken\/wp-content\/uploads\/sites\/20\/b78b743c-fe2b-4c23-b53c-0cb3ff8c51cf.jpeg\" alt=\"\" class=\"wp-image-321\" style=\"border-top-left-radius:20px;border-top-right-radius:20px;border-bottom-left-radius:20px;border-bottom-right-radius:20px\" title=\"Portrait Mini-Lernkreis-Leitung Ulli Zapf - Ulli Zapf\" srcset=\"https:\/\/minilernkreis.de\/oberfranken\/wp-content\/uploads\/sites\/20\/b78b743c-fe2b-4c23-b53c-0cb3ff8c51cf.jpeg 1563w, https:\/\/minilernkreis.de\/oberfranken\/wp-content\/uploads\/sites\/20\/b78b743c-fe2b-4c23-b53c-0cb3ff8c51cf-229x300.jpeg 229w, https:\/\/minilernkreis.de\/oberfranken\/wp-content\/uploads\/sites\/20\/b78b743c-fe2b-4c23-b53c-0cb3ff8c51cf-782x1024.jpeg 782w, https:\/\/minilernkreis.de\/oberfranken\/wp-content\/uploads\/sites\/20\/b78b743c-fe2b-4c23-b53c-0cb3ff8c51cf-768x1006.jpeg 768w, https:\/\/minilernkreis.de\/oberfranken\/wp-content\/uploads\/sites\/20\/b78b743c-fe2b-4c23-b53c-0cb3ff8c51cf-1172x1536.jpeg 1172w\" sizes=\"auto, (max-width: 1563px) 100vw, 1563px\" \/><figcaption class=\"wp-element-caption\">Mini-Lernkreis-Leitung<br>Ulli Zapf<\/figcaption><\/figure>\n<\/div>\n<\/div>\n<\/div>\n<\/div>\n\n\n\n<div class=\"wp-block-group is-layout-constrained wp-block-group-is-layout-constrained\">\n<div class=\"wp-block-group is-layout-constrained wp-container-core-group-is-layout-4383d167 wp-block-group-is-layout-constrained\">\n<div class=\"wp-block-group is-nowrap is-layout-flex wp-container-core-group-is-layout-f1189ed3 wp-block-group-is-layout-flex\">\n<p class=\"has-text-color has-link-color wp-elements-5e18f99aa18e2c3d1c687f134e68d70e\" style=\"font-size:0.8em;font-style:normal;font-weight:600\">Sie sind\n\t\t\t\thier: <\/p>\n\n\n<div class=\"yoast-breadcrumbs\"><span><span><a href=\"https:\/\/minilernkreis.de\/oberfranken\/\">Start<\/a><\/span> \u00bb <span class=\"breadcrumb_last\" aria-current=\"page\">\u00dcber uns<\/span><\/span><\/div><\/div>\n<\/div>\n<\/div>\n\n\n\n<div class=\"wp-block-group mt-5 is-layout-constrained wp-block-group-is-layout-constrained\">\n<div class=\"wp-block-group is-layout-constrained wp-container-core-group-is-layout-4383d167 wp-block-group-is-layout-constrained\">\n<h2 class=\"wp-block-heading has-text-align-center has-primary-color has-text-color\"><strong>Unser Konzept:\n\t\t\t<\/strong><br><strong>Lernen in pers\u00f6nlicher Atmosph\u00e4re<\/strong><\/h2>\n\n\n\n<p class=\"has-text-align-center\">In unseren <strong>kleinen Lerngruppen<\/strong> f\u00f6rdern wir nicht nur Wissen,\n\t\t\tsondern auch <strong>Selbstvertrauen, Ausdauer und Konzentration<\/strong>. Unser Ziel ist es,\n\t\t\t<strong>Schulangst und Notendruck abzubauen<\/strong> und den Spa\u00df am Lernen zur\u00fcckzubringen. Durch gezielte\n\t\t\tUnterst\u00fctzung helfen wir Sch\u00fclern, <strong>eigenst\u00e4ndiger zu arbeiten<\/strong> und ihre schulischen\n\t\t\tHerausforderungen zu meistern.<\/p>\n<\/div>\n<\/div>\n\n\n\n<div class=\"wp-block-group is-layout-constrained wp-block-group-is-layout-constrained\">\n<div class=\"wp-block-group is-layout-constrained wp-container-core-group-is-layout-a22d48ea wp-block-group-is-layout-constrained\" style=\"margin-top:var(--wp--preset--spacing--80);margin-bottom:var(--wp--preset--spacing--80)\">\n<h2 class=\"wp-block-heading has-text-align-center has-primary-color has-text-color\"><strong>Unser Angebot:\n\t\t\t<\/strong><br><strong>Vielf\u00e4ltige F\u00e4cher &amp; F\u00f6rderungen<\/strong><\/h2>\n\n\n\n<div style=\"height:10px\" aria-hidden=\"true\" class=\"wp-block-spacer\"><\/div>\n\n\n\n<p class=\"has-text-align-center\" style=\"margin-bottom:var(--wp--preset--spacing--20)\">Wir bieten\n\t\t\t<strong>individuelle Lehrg\u00e4nge<\/strong> in folgenden Bereichen:<\/p>\n\n\n\n<div style=\"height:10px\" aria-hidden=\"true\" class=\"wp-block-spacer\"><\/div>\n\n\n\n<p class=\"has-text-align-center\" style=\"margin-bottom:0\">Deutsch (Rechtschreibung, Grammatik, Aufsatz)<\/p>\n\n\n\n<p class=\"has-text-align-center\">Mathematik (Grundrechenarten, Textaufgaben, Geometrie, Algebra)<\/p>\n\n\n\n<p class=\"has-text-align-center\">Englisch (Vokabular, Grammatik, Listening Comprehension)<\/p>\n\n\n\n<p class=\"has-text-align-center\">Latein (Vokabular, Formen- und Satzlehre)<\/p>\n\n\n\n<p class=\"has-text-align-center\">Polnisch (Vokabular, Formen- und Satzlehre)<\/p>\n\n\n\n<p class=\"has-text-align-center\">Franz\u00f6sisch (Vokabular, Grammatik, Konversation)<\/p>\n\n\n\n<p class=\"has-text-align-center\">Pr\u00fcfungsvorbereitung<\/p>\n\n\n\n<p class=\"has-text-align-center\">F\u00f6rderunterricht bei Lese-Rechtschreibschw\u00e4che<\/p>\n\n\n\n<p class=\"has-text-align-center\">weitere Kurse und F\u00e4cher<\/p>\n<\/div>\n<\/div>\n\n\n\n<div class=\"wp-block-group is-layout-constrained wp-block-group-is-layout-constrained\">\n<div class=\"wp-block-group has-light-background-color has-background is-layout-constrained wp-container-core-group-is-layout-ad319cd6 wp-block-group-is-layout-constrained\" style=\"padding-top:var(--wp--preset--spacing--80);padding-bottom:var(--wp--preset--spacing--80)\">\n<h2 class=\"wp-block-heading has-primary-color has-text-color\"><strong>Individuelle F\u00f6rderung f\u00fcr jeden\n\t\t\t\tSch\u00fcler<\/strong><\/h2>\n\n\n\n<p style=\"margin-bottom:var(--wp--preset--spacing--20)\">Um die <strong>bestm\u00f6gliche Unterst\u00fctzung<\/strong> zu\n\t\t\tbieten, f\u00fchren unsere Lehrkr\u00e4fte zu Beginn eines jeden Lehrgangs einen <strong>informellen\n\t\t\t\tLernstandtest<\/strong> durch. Ein Lehrgang dauert mindestens <strong>sechs Monate<\/strong> (je eine\n\t\t\tDoppelstunde pro Woche) und basiert auf <strong>spezialisierten Lehrmaterialien<\/strong> sowie den\n\t\t\tSchulb\u00fcchern der Teilnehmer.<\/p>\n\n\n\n<div style=\"height:25px\" aria-hidden=\"true\" class=\"wp-block-spacer\"><\/div>\n\n\n\n<h2 class=\"wp-block-heading has-primary-color has-text-color\"><strong>Mini-Lernkreis in Ihrer N\u00e4he<\/strong><\/h2>\n\n\n\n<p style=\"margin-bottom:var(--wp--preset--spacing--20)\">Sie suchen <strong>Nachhilfe in Oberfranken und S\u00fcdth\u00fcringen<\/strong>? Bei uns finden Sie <strong>kleine Lerngruppen in Ihrer Region<\/strong> und Einzelnachhilfe zu Hause\u2013 f\u00fcr eine <strong>pers\u00f6nliche und effektive F\u00f6rderung<\/strong>.<\/p>\n\n\n\n<p><\/p>\n<\/div>\n<\/div>\n","protected":false},"excerpt":{"rendered":"<p>Der Mini-Lernkreis in der Region Oberfranken, Sonneberg &amp; Schleiz Seit 1974 steht der Mini-Lernkreis \u2013 urspr\u00fcnglich als \u201eLehrinstitut Adam\u201c gegr\u00fcndet \u2013 f\u00fcr erfolgreiche Sch\u00fclerf\u00f6rderung in ganz Deutschland. Heute sind wir mit qualifizierten Lehrkr\u00e4ften auch in der Region Ulli Zapf vertreten und bieten individuelle Nachhilfe in Mini-Gruppen \u2013 f\u00fcr mehr Motivation, bessere Noten und Freude am [&hellip;]<\/p>\n","protected":false},"author":5,"featured_media":0,"parent":0,"menu_order":0,"comment_status":"closed","ping_status":"closed","template":"page-partner","meta":{"inline_featured_image":false,"mlk_zustaendigkeit":"","mlk_adresse":"","mlk_email":"","mlk_telefon":"","footnotes":""},"class_list":["post-4","page","type-page","status-publish","hentry"],"yoast_head":"<!-- This site is optimized with the Yoast SEO plugin v27.4 - https:\/\/yoast.com\/product\/yoast-seo-wordpress\/ -->\n<title>\u00dcber uns - Mini-Lernkreis Zapf<\/title>\n<meta name=\"robots\" content=\"index, follow, max-snippet:-1, max-image-preview:large, max-video-preview:-1\" \/>\n<link rel=\"canonical\" href=\"https:\/\/minilernkreis.de\/oberfranken\/ueber-uns\/\" \/>\n<meta property=\"og:locale\" content=\"de_DE\" \/>\n<meta property=\"og:type\" content=\"article\" \/>\n<meta property=\"og:title\" content=\"\u00dcber uns - Mini-Lernkreis Zapf\" \/>\n<meta property=\"og:description\" content=\"Der Mini-Lernkreis in der Region Oberfranken, Sonneberg &amp; Schleiz Seit 1974 steht der Mini-Lernkreis \u2013 urspr\u00fcnglich als \u201eLehrinstitut Adam\u201c gegr\u00fcndet \u2013 f\u00fcr erfolgreiche Sch\u00fclerf\u00f6rderung in ganz Deutschland. Heute sind wir mit qualifizierten Lehrkr\u00e4ften auch in der Region Ulli Zapf vertreten und bieten individuelle Nachhilfe in Mini-Gruppen \u2013 f\u00fcr mehr Motivation, bessere Noten und Freude am [&hellip;]\" \/>\n<meta property=\"og:url\" content=\"https:\/\/minilernkreis.de\/oberfranken\/ueber-uns\/\" \/>\n<meta property=\"og:site_name\" content=\"Mini-Lernkreis Zapf\" \/>\n<meta property=\"article:modified_time\" content=\"2026-02-24T21:20:41+00:00\" \/>\n<meta property=\"og:image\" content=\"https:\/\/minilernkreis.de\/oberfranken\/wp-content\/uploads\/sites\/20\/b78b743c-fe2b-4c23-b53c-0cb3ff8c51cf.jpeg\" \/>\n\t<meta property=\"og:image:width\" content=\"1563\" \/>\n\t<meta property=\"og:image:height\" content=\"2048\" \/>\n\t<meta property=\"og:image:type\" content=\"image\/jpeg\" \/>\n<meta name=\"twitter:card\" content=\"summary_large_image\" \/>\n<meta name=\"twitter:label1\" content=\"Gesch\u00e4tzte Lesezeit\" \/>\n\t<meta name=\"twitter:data1\" content=\"2\u00a0Minuten\" \/>\n<script type=\"application\/ld+json\" class=\"yoast-schema-graph\">{\"@context\":\"https:\\\/\\\/schema.org\",\"@graph\":[{\"@type\":\"WebPage\",\"@id\":\"https:\\\/\\\/minilernkreis.de\\\/oberfranken\\\/ueber-uns\\\/\",\"url\":\"https:\\\/\\\/minilernkreis.de\\\/oberfranken\\\/ueber-uns\\\/\",\"name\":\"\u00dcber uns - Mini-Lernkreis Zapf\",\"isPartOf\":{\"@id\":\"https:\\\/\\\/minilernkreis.de\\\/oberfranken\\\/#website\"},\"primaryImageOfPage\":{\"@id\":\"https:\\\/\\\/minilernkreis.de\\\/oberfranken\\\/ueber-uns\\\/#primaryimage\"},\"image\":{\"@id\":\"https:\\\/\\\/minilernkreis.de\\\/oberfranken\\\/ueber-uns\\\/#primaryimage\"},\"thumbnailUrl\":\"https:\\\/\\\/minilernkreis.de\\\/oberfranken\\\/wp-content\\\/uploads\\\/sites\\\/20\\\/b78b743c-fe2b-4c23-b53c-0cb3ff8c51cf.jpeg\",\"datePublished\":\"2026-02-18T07:38:19+00:00\",\"dateModified\":\"2026-02-24T21:20:41+00:00\",\"breadcrumb\":{\"@id\":\"https:\\\/\\\/minilernkreis.de\\\/oberfranken\\\/ueber-uns\\\/#breadcrumb\"},\"inLanguage\":\"de\",\"potentialAction\":[{\"@type\":\"ReadAction\",\"target\":[\"https:\\\/\\\/minilernkreis.de\\\/oberfranken\\\/ueber-uns\\\/\"]}]},{\"@type\":\"ImageObject\",\"inLanguage\":\"de\",\"@id\":\"https:\\\/\\\/minilernkreis.de\\\/oberfranken\\\/ueber-uns\\\/#primaryimage\",\"url\":\"https:\\\/\\\/minilernkreis.de\\\/oberfranken\\\/wp-content\\\/uploads\\\/sites\\\/20\\\/b78b743c-fe2b-4c23-b53c-0cb3ff8c51cf.jpeg\",\"contentUrl\":\"https:\\\/\\\/minilernkreis.de\\\/oberfranken\\\/wp-content\\\/uploads\\\/sites\\\/20\\\/b78b743c-fe2b-4c23-b53c-0cb3ff8c51cf.jpeg\",\"width\":1563,\"height\":2048},{\"@type\":\"BreadcrumbList\",\"@id\":\"https:\\\/\\\/minilernkreis.de\\\/oberfranken\\\/ueber-uns\\\/#breadcrumb\",\"itemListElement\":[{\"@type\":\"ListItem\",\"position\":1,\"name\":\"Start\",\"item\":\"https:\\\/\\\/minilernkreis.de\\\/oberfranken\\\/\"},{\"@type\":\"ListItem\",\"position\":2,\"name\":\"\u00dcber uns\"}]},{\"@type\":\"WebSite\",\"@id\":\"https:\\\/\\\/minilernkreis.de\\\/oberfranken\\\/#website\",\"url\":\"https:\\\/\\\/minilernkreis.de\\\/oberfranken\\\/\",\"name\":\"Mini-Lernkreis Oberfranken\",\"description\":\"Nachhilfe in Oberfranken\",\"publisher\":{\"@id\":\"https:\\\/\\\/minilernkreis.de\\\/oberfranken\\\/#organization\"},\"potentialAction\":[{\"@type\":\"SearchAction\",\"target\":{\"@type\":\"EntryPoint\",\"urlTemplate\":\"https:\\\/\\\/minilernkreis.de\\\/oberfranken\\\/?s={search_term_string}\"},\"query-input\":{\"@type\":\"PropertyValueSpecification\",\"valueRequired\":true,\"valueName\":\"search_term_string\"}}],\"inLanguage\":\"de\"},{\"@type\":\"Organization\",\"@id\":\"https:\\\/\\\/minilernkreis.de\\\/oberfranken\\\/#organization\",\"name\":\"Mini-Lernkreis Zapf\",\"url\":\"https:\\\/\\\/minilernkreis.de\\\/oberfranken\\\/\",\"logo\":{\"@type\":\"ImageObject\",\"inLanguage\":\"de\",\"@id\":\"https:\\\/\\\/minilernkreis.de\\\/oberfranken\\\/#\\\/schema\\\/logo\\\/image\\\/\",\"url\":\"https:\\\/\\\/minilernkreis.de\\\/oberfranken\\\/wp-content\\\/uploads\\\/sites\\\/20\\\/logo_minilernkreis.svg\",\"contentUrl\":\"https:\\\/\\\/minilernkreis.de\\\/oberfranken\\\/wp-content\\\/uploads\\\/sites\\\/20\\\/logo_minilernkreis.svg\",\"width\":\"1024\",\"height\":\"1024\",\"caption\":\"Mini-Lernkreis Zapf\"},\"image\":{\"@id\":\"https:\\\/\\\/minilernkreis.de\\\/oberfranken\\\/#\\\/schema\\\/logo\\\/image\\\/\"}}]}<\/script>\n<!-- \/ Yoast SEO plugin. -->","yoast_head_json":{"title":"\u00dcber uns - Mini-Lernkreis Zapf","robots":{"index":"index","follow":"follow","max-snippet":"max-snippet:-1","max-image-preview":"max-image-preview:large","max-video-preview":"max-video-preview:-1"},"canonical":"https:\/\/minilernkreis.de\/oberfranken\/ueber-uns\/","og_locale":"de_DE","og_type":"article","og_title":"\u00dcber uns - Mini-Lernkreis Zapf","og_description":"Der Mini-Lernkreis in der Region Oberfranken, Sonneberg &amp; Schleiz Seit 1974 steht der Mini-Lernkreis \u2013 urspr\u00fcnglich als \u201eLehrinstitut Adam\u201c gegr\u00fcndet \u2013 f\u00fcr erfolgreiche Sch\u00fclerf\u00f6rderung in ganz Deutschland. Heute sind wir mit qualifizierten Lehrkr\u00e4ften auch in der Region Ulli Zapf vertreten und bieten individuelle Nachhilfe in Mini-Gruppen \u2013 f\u00fcr mehr Motivation, bessere Noten und Freude am [&hellip;]","og_url":"https:\/\/minilernkreis.de\/oberfranken\/ueber-uns\/","og_site_name":"Mini-Lernkreis Zapf","article_modified_time":"2026-02-24T21:20:41+00:00","og_image":[{"width":1563,"height":2048,"url":"https:\/\/minilernkreis.de\/oberfranken\/wp-content\/uploads\/sites\/20\/b78b743c-fe2b-4c23-b53c-0cb3ff8c51cf.jpeg","type":"image\/jpeg"}],"twitter_card":"summary_large_image","twitter_misc":{"Gesch\u00e4tzte Lesezeit":"2\u00a0Minuten"},"schema":{"@context":"https:\/\/schema.org","@graph":[{"@type":"WebPage","@id":"https:\/\/minilernkreis.de\/oberfranken\/ueber-uns\/","url":"https:\/\/minilernkreis.de\/oberfranken\/ueber-uns\/","name":"\u00dcber uns - Mini-Lernkreis Zapf","isPartOf":{"@id":"https:\/\/minilernkreis.de\/oberfranken\/#website"},"primaryImageOfPage":{"@id":"https:\/\/minilernkreis.de\/oberfranken\/ueber-uns\/#primaryimage"},"image":{"@id":"https:\/\/minilernkreis.de\/oberfranken\/ueber-uns\/#primaryimage"},"thumbnailUrl":"https:\/\/minilernkreis.de\/oberfranken\/wp-content\/uploads\/sites\/20\/b78b743c-fe2b-4c23-b53c-0cb3ff8c51cf.jpeg","datePublished":"2026-02-18T07:38:19+00:00","dateModified":"2026-02-24T21:20:41+00:00","breadcrumb":{"@id":"https:\/\/minilernkreis.de\/oberfranken\/ueber-uns\/#breadcrumb"},"inLanguage":"de","potentialAction":[{"@type":"ReadAction","target":["https:\/\/minilernkreis.de\/oberfranken\/ueber-uns\/"]}]},{"@type":"ImageObject","inLanguage":"de","@id":"https:\/\/minilernkreis.de\/oberfranken\/ueber-uns\/#primaryimage","url":"https:\/\/minilernkreis.de\/oberfranken\/wp-content\/uploads\/sites\/20\/b78b743c-fe2b-4c23-b53c-0cb3ff8c51cf.jpeg","contentUrl":"https:\/\/minilernkreis.de\/oberfranken\/wp-content\/uploads\/sites\/20\/b78b743c-fe2b-4c23-b53c-0cb3ff8c51cf.jpeg","width":1563,"height":2048},{"@type":"BreadcrumbList","@id":"https:\/\/minilernkreis.de\/oberfranken\/ueber-uns\/#breadcrumb","itemListElement":[{"@type":"ListItem","position":1,"name":"Start","item":"https:\/\/minilernkreis.de\/oberfranken\/"},{"@type":"ListItem","position":2,"name":"\u00dcber uns"}]},{"@type":"WebSite","@id":"https:\/\/minilernkreis.de\/oberfranken\/#website","url":"https:\/\/minilernkreis.de\/oberfranken\/","name":"Mini-Lernkreis Oberfranken","description":"Nachhilfe in Oberfranken","publisher":{"@id":"https:\/\/minilernkreis.de\/oberfranken\/#organization"},"potentialAction":[{"@type":"SearchAction","target":{"@type":"EntryPoint","urlTemplate":"https:\/\/minilernkreis.de\/oberfranken\/?s={search_term_string}"},"query-input":{"@type":"PropertyValueSpecification","valueRequired":true,"valueName":"search_term_string"}}],"inLanguage":"de"},{"@type":"Organization","@id":"https:\/\/minilernkreis.de\/oberfranken\/#organization","name":"Mini-Lernkreis Zapf","url":"https:\/\/minilernkreis.de\/oberfranken\/","logo":{"@type":"ImageObject","inLanguage":"de","@id":"https:\/\/minilernkreis.de\/oberfranken\/#\/schema\/logo\/image\/","url":"https:\/\/minilernkreis.de\/oberfranken\/wp-content\/uploads\/sites\/20\/logo_minilernkreis.svg","contentUrl":"https:\/\/minilernkreis.de\/oberfranken\/wp-content\/uploads\/sites\/20\/logo_minilernkreis.svg","width":"1024","height":"1024","caption":"Mini-Lernkreis Zapf"},"image":{"@id":"https:\/\/minilernkreis.de\/oberfranken\/#\/schema\/logo\/image\/"}}]}},"_links":{"self":[{"href":"https:\/\/minilernkreis.de\/oberfranken\/wp-json\/wp\/v2\/pages\/4","targetHints":{"allow":["GET"]}}],"collection":[{"href":"https:\/\/minilernkreis.de\/oberfranken\/wp-json\/wp\/v2\/pages"}],"about":[{"href":"https:\/\/minilernkreis.de\/oberfranken\/wp-json\/wp\/v2\/types\/page"}],"author":[{"embeddable":true,"href":"https:\/\/minilernkreis.de\/oberfranken\/wp-json\/wp\/v2\/users\/5"}],"replies":[{"embeddable":true,"href":"https:\/\/minilernkreis.de\/oberfranken\/wp-json\/wp\/v2\/comments?post=4"}],"version-history":[{"count":3,"href":"https:\/\/minilernkreis.de\/oberfranken\/wp-json\/wp\/v2\/pages\/4\/revisions"}],"predecessor-version":[{"id":336,"href":"https:\/\/minilernkreis.de\/oberfranken\/wp-json\/wp\/v2\/pages\/4\/revisions\/336"}],"wp:attachment":[{"href":"https:\/\/minilernkreis.de\/oberfranken\/wp-json\/wp\/v2\/media?parent=4"}],"curies":[{"name":"wp","href":"https:\/\/api.w.org\/{rel}","templated":true}]}}