{"id":4,"date":"2026-02-06T08:44:43","date_gmt":"2026-02-06T07:44:43","guid":{"rendered":"https:\/\/dev.minilernkreis.de\/brandenburg-berlin\/ueber-uns\/"},"modified":"2026-03-17T09:35:46","modified_gmt":"2026-03-17T08:35:46","slug":"ueber-uns","status":"publish","type":"page","link":"https:\/\/minilernkreis.de\/brandenburg-berlin\/ueber-uns\/","title":{"rendered":"\u00dcber uns"},"content":{"rendered":"\n<div class=\"wp-block-group has-base-background-color has-background is-layout-flow wp-block-group-is-layout-flow\" style=\"padding-top:0;padding-bottom:0\">\n<div class=\"wp-block-group px-4 py-5 has-light-background-color has-background is-layout-constrained wp-container-core-group-is-layout-18f2974a wp-block-group-is-layout-constrained\" style=\"margin-top:0;margin-bottom:0;padding-top:var(--wp--preset--spacing--80);padding-bottom:var(--wp--preset--spacing--80)\">\n<h1 class=\"wp-block-heading has-primary-color has-text-color has-raleway-font-family\"><strong>Der Mini-Lernkreis in der Prignitz, Ostprignitz\/Ruppin und Berlin<\/strong><\/h1>\n\n\n\n<div style=\"height:20px\" aria-hidden=\"true\" class=\"wp-block-spacer\"><\/div>\n\n\n\n<div class=\"wp-block-columns is-layout-flex wp-container-core-columns-is-layout-cf05694f wp-block-columns-is-layout-flex\">\n<div class=\"wp-block-column is-layout-flow wp-block-column-is-layout-flow\">\n<p>Der Mini-Lernkreis Kohn ist ein famili\u00e4r gef\u00fchrtes Nachhilfeinstitut, das von Birgit Kohn und Sandra Kohn geleitet wird. Als Schwiegermutter und Schwiegertochter haben wir unsere Expertise zusammengef\u00fchrt und ein Umfeld geschaffen, in dem qualifizierte Lehrkr\u00e4fte mit viel Herzblut Kinder und Jugendliche unterst\u00fctzen<\/p>\n<\/div>\n\n\n\n<div class=\"wp-block-column is-layout-flow wp-block-column-is-layout-flow\">\n<figure class=\"wp-block-image aligncenter size-full has-custom-border\"><img loading=\"lazy\" decoding=\"async\" width=\"2560\" height=\"1709\" src=\"https:\/\/minilernkreis.de\/brandenburg-berlin\/wp-content\/uploads\/sites\/8\/Institutsleitung-MLK-Kohn-scaled.jpg\" alt=\"\u00dcber uns - Mini-Lernkreis Birgit Kohn &amp; Sandra Kohn - Nachhilfe in der Region Brandenburg und Berlin\" class=\"wp-image-193\" style=\"border-top-left-radius:20px;border-top-right-radius:20px;border-bottom-left-radius:20px;border-bottom-right-radius:20px\" title=\"Portrait Mini-Lernkreis-Leitung Birgit Kohn und Sandra Kohn - Birgit Kohn und Sandra Kohn\" srcset=\"https:\/\/minilernkreis.de\/brandenburg-berlin\/wp-content\/uploads\/sites\/8\/Institutsleitung-MLK-Kohn-scaled.jpg 2560w, https:\/\/minilernkreis.de\/brandenburg-berlin\/wp-content\/uploads\/sites\/8\/Institutsleitung-MLK-Kohn-300x200.jpg 300w, https:\/\/minilernkreis.de\/brandenburg-berlin\/wp-content\/uploads\/sites\/8\/Institutsleitung-MLK-Kohn-1024x684.jpg 1024w, https:\/\/minilernkreis.de\/brandenburg-berlin\/wp-content\/uploads\/sites\/8\/Institutsleitung-MLK-Kohn-768x513.jpg 768w, https:\/\/minilernkreis.de\/brandenburg-berlin\/wp-content\/uploads\/sites\/8\/Institutsleitung-MLK-Kohn-1536x1025.jpg 1536w, https:\/\/minilernkreis.de\/brandenburg-berlin\/wp-content\/uploads\/sites\/8\/Institutsleitung-MLK-Kohn-2048x1367.jpg 2048w\" sizes=\"auto, (max-width: 2560px) 100vw, 2560px\" \/><figcaption class=\"wp-element-caption\">Mini-Lernkreis-Leitung<br>Birgit Kohn und Sandra Kohn<\/figcaption><\/figure>\n<\/div>\n<\/div>\n<\/div>\n<\/div>\n\n\n\n<div class=\"wp-block-group is-layout-constrained wp-block-group-is-layout-constrained\">\n<div class=\"wp-block-group is-layout-constrained wp-container-core-group-is-layout-4383d167 wp-block-group-is-layout-constrained\">\n<div class=\"wp-block-group is-nowrap is-layout-flex wp-container-core-group-is-layout-f1189ed3 wp-block-group-is-layout-flex\">\n<p class=\"has-text-color has-link-color wp-elements-5e18f99aa18e2c3d1c687f134e68d70e\" style=\"font-size:0.8em;font-style:normal;font-weight:600\">Sie sind\n\t\t\t\thier: <\/p>\n\n\n<div class=\"yoast-breadcrumbs\"><span><span><a href=\"https:\/\/minilernkreis.de\/brandenburg-berlin\/\">Start<\/a><\/span> \u00bb <span class=\"breadcrumb_last\" aria-current=\"page\">\u00dcber uns<\/span><\/span><\/div><\/div>\n<\/div>\n<\/div>\n\n\n\n<div class=\"wp-block-group mt-5 is-layout-constrained wp-block-group-is-layout-constrained\">\n<div class=\"wp-block-group is-layout-constrained wp-container-core-group-is-layout-4383d167 wp-block-group-is-layout-constrained\">\n<h2 class=\"wp-block-heading has-text-align-center has-primary-color has-text-color\"><strong>Unser Ansatz: <\/strong><br><strong>Lernen mit allen Sinnen<\/strong><\/h2>\n\n\n\n<p class=\"has-text-align-center\">Uns ist wichtig, dass Lernen nicht trocken und m\u00fchsam wirkt, sondern spannend, lebendig und greifbar wird. Deshalb setzen wir auf haptische Materialien und Lernen mit allen Sinnen \u2013 zum Anfassen, Ausprobieren, Bewegen und Entdecken. Denn wer neugierig bleibt, lernt leichter und nachhaltiger<\/p>\n\n\n\n<p class=\"has-medium-font-size\"><\/p>\n<\/div>\n<\/div>\n\n\n\n<div class=\"wp-block-group is-layout-constrained wp-block-group-is-layout-constrained\">\n<div class=\"wp-block-group is-layout-constrained wp-container-core-group-is-layout-a22d48ea wp-block-group-is-layout-constrained\" style=\"margin-top:var(--wp--preset--spacing--80);margin-bottom:var(--wp--preset--spacing--80)\">\n<h2 class=\"wp-block-heading has-text-align-center has-primary-color has-text-color\">Wof\u00fcr wir stehen<\/h2>\n\n\n\n<div style=\"height:10px\" aria-hidden=\"true\" class=\"wp-block-spacer\"><\/div>\n\n\n\n<p class=\"has-text-align-center\" style=\"margin-bottom:var(--wp--preset--spacing--20)\">Mit viel Herz und Engagement begleiten wir Kinder individuell auf ihrem Weg. Wir glauben daran, dass jedes Kind seine St\u00e4rken hat \u2013 manchmal brauchen sie nur ein bisschen Unterst\u00fctzung, um diese zu entdecken und selbstbewusst zu nutzen.<\/p>\n\n\n\n<div style=\"height:10px\" aria-hidden=\"true\" class=\"wp-block-spacer\"><\/div>\n\n\n\n<p class=\"has-text-align-center\">DWof\u00fcr wir stehen<\/p>\n<\/div>\n\n\n\n<div class=\"wp-block-group is-layout-constrained wp-container-core-group-is-layout-a22d48ea wp-block-group-is-layout-constrained\" style=\"margin-top:var(--wp--preset--spacing--80);margin-bottom:var(--wp--preset--spacing--80)\">\n<h2 class=\"wp-block-heading has-text-align-center has-primary-color has-text-color\">Wo wir aktiv sind<br><\/h2>\n\n\n\n<div style=\"height:10px\" aria-hidden=\"true\" class=\"wp-block-spacer\"><\/div>\n\n\n\n<p class=\"has-text-align-center\" style=\"margin-bottom:var(--wp--preset--spacing--20)\">Mittlerweile sind wir nicht nur in der Prignitz und der Ostprignitz, sondern auch in Berlin aktiv \u2013 \u00fcberall mit derselben Mission: Kindern Mut machen, Selbstvertrauen schenken und Lernen wieder zu etwas Sch\u00f6nem zu machen.<\/p>\n\n\n\n<div style=\"height:10px\" aria-hidden=\"true\" class=\"wp-block-spacer\"><\/div>\n\n\n\n<p class=\"has-text-align-center\"><\/p>\n<\/div>\n<\/div>\n\n\n\n<div class=\"wp-block-group is-layout-constrained wp-block-group-is-layout-constrained\">\n<div class=\"wp-block-group has-light-background-color has-background is-layout-constrained wp-container-core-group-is-layout-ad319cd6 wp-block-group-is-layout-constrained\" style=\"padding-top:var(--wp--preset--spacing--80);padding-bottom:var(--wp--preset--spacing--80)\">\n<h2 class=\"wp-block-heading has-primary-color has-text-color\"><strong>Individuelle F\u00f6rderung f\u00fcr jeden\n\t\t\t\tSch\u00fcler<\/strong><\/h2>\n\n\n\n<p style=\"margin-bottom:var(--wp--preset--spacing--20)\">Um die <strong>bestm\u00f6gliche Unterst\u00fctzung<\/strong> zu\n\t\t\tbieten, f\u00fchren unsere Lehrkr\u00e4fte zu Beginn eines jeden Lehrgangs einen <strong>informellen\n\t\t\t\tLernstandtest<\/strong> durch. Ein Lehrgang dauert mindestens <strong>sechs Monate<\/strong> (je eine\n\t\t\tDoppelstunde pro Woche) und basiert auf <strong>spezialisierten Lehrmaterialien<\/strong> sowie den\n\t\t\tSchulb\u00fcchern der Teilnehmer.<\/p>\n\n\n\n<div style=\"height:25px\" aria-hidden=\"true\" class=\"wp-block-spacer\"><\/div>\n\n\n\n<h2 class=\"wp-block-heading has-primary-color has-text-color\"><strong>Mini-Lernkreis in Ihrer N\u00e4he<\/strong><\/h2>\n\n\n\n<p style=\"margin-bottom:var(--wp--preset--spacing--20)\">Sie suchen <strong>Nachhilfe in <\/strong>Berlin &amp; Brandenburg? Bei uns finden Sie <strong>kleine Lerngruppen in Ihrer Region<\/strong> und Einzelnachhilfe zu Hause\u2013 f\u00fcr eine <strong>pers\u00f6nliche und effektive F\u00f6rderung<\/strong>.<\/p>\n\n\n\n<p><\/p>\n<\/div>\n<\/div>\n","protected":false},"excerpt":{"rendered":"<p>Der Mini-Lernkreis in der Prignitz, Ostprignitz\/Ruppin und Berlin Der Mini-Lernkreis Kohn ist ein famili\u00e4r gef\u00fchrtes Nachhilfeinstitut, das von Birgit Kohn und Sandra Kohn geleitet wird. Als Schwiegermutter und Schwiegertochter haben wir unsere Expertise zusammengef\u00fchrt und ein Umfeld geschaffen, in dem qualifizierte Lehrkr\u00e4fte mit viel Herzblut Kinder und Jugendliche unterst\u00fctzen Sie sind hier: Unser Ansatz: Lernen [&hellip;]<\/p>\n","protected":false},"author":1,"featured_media":0,"parent":0,"menu_order":0,"comment_status":"closed","ping_status":"closed","template":"page-partner","meta":{"inline_featured_image":false,"mlk_zustaendigkeit":"","mlk_adresse":"","mlk_email":"","mlk_telefon":"","footnotes":""},"class_list":["post-4","page","type-page","status-publish","hentry"],"yoast_head":"<!-- This site is optimized with the Yoast SEO plugin v27.4 - https:\/\/yoast.com\/product\/yoast-seo-wordpress\/ -->\n<title>\u00dcber uns - Mini-Lernkreis Kohn<\/title>\n<meta name=\"description\" content=\"\u00dcber den Mini-Lernkreis Kohn: Lernen Sie unser Team, unsere Erfahrung und unser Konzept f\u00fcr individuelle, qualit\u00e4tsgepr\u00fcfte Nachhilfe kennen.\" \/>\n<meta name=\"robots\" content=\"index, follow, max-snippet:-1, max-image-preview:large, max-video-preview:-1\" \/>\n<link rel=\"canonical\" href=\"https:\/\/minilernkreis.de\/brandenburg-berlin\/ueber-uns\/\" \/>\n<meta property=\"og:locale\" content=\"de_DE\" \/>\n<meta property=\"og:type\" content=\"article\" \/>\n<meta property=\"og:title\" content=\"\u00dcber uns - Mini-Lernkreis Kohn\" \/>\n<meta property=\"og:description\" content=\"\u00dcber den Mini-Lernkreis Kohn: Lernen Sie unser Team, unsere Erfahrung und unser Konzept f\u00fcr individuelle, qualit\u00e4tsgepr\u00fcfte Nachhilfe kennen.\" \/>\n<meta property=\"og:url\" content=\"https:\/\/minilernkreis.de\/brandenburg-berlin\/ueber-uns\/\" \/>\n<meta property=\"og:site_name\" content=\"Mini-Lernkreis Kohn\" \/>\n<meta property=\"article:publisher\" content=\"https:\/\/www.facebook.com\/profile.php?id=61564189306732\" \/>\n<meta property=\"article:modified_time\" content=\"2026-03-17T08:35:46+00:00\" \/>\n<meta property=\"og:image\" content=\"https:\/\/minilernkreis.de\/brandenburg-berlin\/wp-content\/uploads\/sites\/8\/Institutsleitung-MLK-Kohn-scaled.jpg\" \/>\n\t<meta property=\"og:image:width\" content=\"2560\" \/>\n\t<meta property=\"og:image:height\" content=\"1709\" \/>\n\t<meta property=\"og:image:type\" content=\"image\/jpeg\" \/>\n<meta name=\"twitter:card\" content=\"summary_large_image\" \/>\n<meta name=\"twitter:label1\" content=\"Gesch\u00e4tzte Lesezeit\" \/>\n\t<meta name=\"twitter:data1\" content=\"2\u00a0Minuten\" \/>\n<script type=\"application\/ld+json\" class=\"yoast-schema-graph\">{\"@context\":\"https:\\\/\\\/schema.org\",\"@graph\":[{\"@type\":\"WebPage\",\"@id\":\"https:\\\/\\\/minilernkreis.de\\\/brandenburg-berlin\\\/ueber-uns\\\/\",\"url\":\"https:\\\/\\\/minilernkreis.de\\\/brandenburg-berlin\\\/ueber-uns\\\/\",\"name\":\"\u00dcber uns - Mini-Lernkreis Kohn\",\"isPartOf\":{\"@id\":\"https:\\\/\\\/minilernkreis.de\\\/brandenburg-berlin\\\/#website\"},\"primaryImageOfPage\":{\"@id\":\"https:\\\/\\\/minilernkreis.de\\\/brandenburg-berlin\\\/ueber-uns\\\/#primaryimage\"},\"image\":{\"@id\":\"https:\\\/\\\/minilernkreis.de\\\/brandenburg-berlin\\\/ueber-uns\\\/#primaryimage\"},\"thumbnailUrl\":\"https:\\\/\\\/minilernkreis.de\\\/brandenburg-berlin\\\/wp-content\\\/uploads\\\/sites\\\/8\\\/Institutsleitung-MLK-Kohn-scaled.jpg\",\"datePublished\":\"2026-02-06T07:44:43+00:00\",\"dateModified\":\"2026-03-17T08:35:46+00:00\",\"description\":\"\u00dcber den Mini-Lernkreis Kohn: Lernen Sie unser Team, unsere Erfahrung und unser Konzept f\u00fcr individuelle, qualit\u00e4tsgepr\u00fcfte Nachhilfe kennen.\",\"breadcrumb\":{\"@id\":\"https:\\\/\\\/minilernkreis.de\\\/brandenburg-berlin\\\/ueber-uns\\\/#breadcrumb\"},\"inLanguage\":\"de\",\"potentialAction\":[{\"@type\":\"ReadAction\",\"target\":[\"https:\\\/\\\/minilernkreis.de\\\/brandenburg-berlin\\\/ueber-uns\\\/\"]}]},{\"@type\":\"ImageObject\",\"inLanguage\":\"de\",\"@id\":\"https:\\\/\\\/minilernkreis.de\\\/brandenburg-berlin\\\/ueber-uns\\\/#primaryimage\",\"url\":\"https:\\\/\\\/minilernkreis.de\\\/brandenburg-berlin\\\/wp-content\\\/uploads\\\/sites\\\/8\\\/Institutsleitung-MLK-Kohn-scaled.jpg\",\"contentUrl\":\"https:\\\/\\\/minilernkreis.de\\\/brandenburg-berlin\\\/wp-content\\\/uploads\\\/sites\\\/8\\\/Institutsleitung-MLK-Kohn-scaled.jpg\",\"width\":2560,\"height\":1709},{\"@type\":\"BreadcrumbList\",\"@id\":\"https:\\\/\\\/minilernkreis.de\\\/brandenburg-berlin\\\/ueber-uns\\\/#breadcrumb\",\"itemListElement\":[{\"@type\":\"ListItem\",\"position\":1,\"name\":\"Start\",\"item\":\"https:\\\/\\\/minilernkreis.de\\\/brandenburg-berlin\\\/\"},{\"@type\":\"ListItem\",\"position\":2,\"name\":\"\u00dcber uns\"}]},{\"@type\":\"WebSite\",\"@id\":\"https:\\\/\\\/minilernkreis.de\\\/brandenburg-berlin\\\/#website\",\"url\":\"https:\\\/\\\/minilernkreis.de\\\/brandenburg-berlin\\\/\",\"name\":\"Mini-Lernkreis Kohn - Nachhilfe mit Herz in Brandenburg und Berlin\",\"description\":\"Nachhilfe in Brandenburg und Berlin\",\"publisher\":{\"@id\":\"https:\\\/\\\/minilernkreis.de\\\/brandenburg-berlin\\\/#organization\"},\"potentialAction\":[{\"@type\":\"SearchAction\",\"target\":{\"@type\":\"EntryPoint\",\"urlTemplate\":\"https:\\\/\\\/minilernkreis.de\\\/brandenburg-berlin\\\/?s={search_term_string}\"},\"query-input\":{\"@type\":\"PropertyValueSpecification\",\"valueRequired\":true,\"valueName\":\"search_term_string\"}}],\"inLanguage\":\"de\"},{\"@type\":\"Organization\",\"@id\":\"https:\\\/\\\/minilernkreis.de\\\/brandenburg-berlin\\\/#organization\",\"name\":\"Mini-Lernkreis Sandra und Birgit Kohn\",\"url\":\"https:\\\/\\\/minilernkreis.de\\\/brandenburg-berlin\\\/\",\"logo\":{\"@type\":\"ImageObject\",\"inLanguage\":\"de\",\"@id\":\"https:\\\/\\\/minilernkreis.de\\\/brandenburg-berlin\\\/#\\\/schema\\\/logo\\\/image\\\/\",\"url\":\"https:\\\/\\\/minilernkreis.de\\\/brandenburg-berlin\\\/wp-content\\\/uploads\\\/sites\\\/8\\\/orga_logo_webseite.jpg\",\"contentUrl\":\"https:\\\/\\\/minilernkreis.de\\\/brandenburg-berlin\\\/wp-content\\\/uploads\\\/sites\\\/8\\\/orga_logo_webseite.jpg\",\"width\":696,\"height\":696,\"caption\":\"Mini-Lernkreis Sandra und Birgit Kohn\"},\"image\":{\"@id\":\"https:\\\/\\\/minilernkreis.de\\\/brandenburg-berlin\\\/#\\\/schema\\\/logo\\\/image\\\/\"},\"sameAs\":[\"https:\\\/\\\/www.facebook.com\\\/profile.php?id=61564189306732\"]}]}<\/script>\n<!-- \/ Yoast SEO plugin. -->","yoast_head_json":{"title":"\u00dcber uns - Mini-Lernkreis Kohn","description":"\u00dcber den Mini-Lernkreis Kohn: Lernen Sie unser Team, unsere Erfahrung und unser Konzept f\u00fcr individuelle, qualit\u00e4tsgepr\u00fcfte Nachhilfe kennen.","robots":{"index":"index","follow":"follow","max-snippet":"max-snippet:-1","max-image-preview":"max-image-preview:large","max-video-preview":"max-video-preview:-1"},"canonical":"https:\/\/minilernkreis.de\/brandenburg-berlin\/ueber-uns\/","og_locale":"de_DE","og_type":"article","og_title":"\u00dcber uns - Mini-Lernkreis Kohn","og_description":"\u00dcber den Mini-Lernkreis Kohn: Lernen Sie unser Team, unsere Erfahrung und unser Konzept f\u00fcr individuelle, qualit\u00e4tsgepr\u00fcfte Nachhilfe kennen.","og_url":"https:\/\/minilernkreis.de\/brandenburg-berlin\/ueber-uns\/","og_site_name":"Mini-Lernkreis Kohn","article_publisher":"https:\/\/www.facebook.com\/profile.php?id=61564189306732","article_modified_time":"2026-03-17T08:35:46+00:00","og_image":[{"width":2560,"height":1709,"url":"https:\/\/minilernkreis.de\/brandenburg-berlin\/wp-content\/uploads\/sites\/8\/Institutsleitung-MLK-Kohn-scaled.jpg","type":"image\/jpeg"}],"twitter_card":"summary_large_image","twitter_misc":{"Gesch\u00e4tzte Lesezeit":"2\u00a0Minuten"},"schema":{"@context":"https:\/\/schema.org","@graph":[{"@type":"WebPage","@id":"https:\/\/minilernkreis.de\/brandenburg-berlin\/ueber-uns\/","url":"https:\/\/minilernkreis.de\/brandenburg-berlin\/ueber-uns\/","name":"\u00dcber uns - Mini-Lernkreis Kohn","isPartOf":{"@id":"https:\/\/minilernkreis.de\/brandenburg-berlin\/#website"},"primaryImageOfPage":{"@id":"https:\/\/minilernkreis.de\/brandenburg-berlin\/ueber-uns\/#primaryimage"},"image":{"@id":"https:\/\/minilernkreis.de\/brandenburg-berlin\/ueber-uns\/#primaryimage"},"thumbnailUrl":"https:\/\/minilernkreis.de\/brandenburg-berlin\/wp-content\/uploads\/sites\/8\/Institutsleitung-MLK-Kohn-scaled.jpg","datePublished":"2026-02-06T07:44:43+00:00","dateModified":"2026-03-17T08:35:46+00:00","description":"\u00dcber den Mini-Lernkreis Kohn: Lernen Sie unser Team, unsere Erfahrung und unser Konzept f\u00fcr individuelle, qualit\u00e4tsgepr\u00fcfte Nachhilfe kennen.","breadcrumb":{"@id":"https:\/\/minilernkreis.de\/brandenburg-berlin\/ueber-uns\/#breadcrumb"},"inLanguage":"de","potentialAction":[{"@type":"ReadAction","target":["https:\/\/minilernkreis.de\/brandenburg-berlin\/ueber-uns\/"]}]},{"@type":"ImageObject","inLanguage":"de","@id":"https:\/\/minilernkreis.de\/brandenburg-berlin\/ueber-uns\/#primaryimage","url":"https:\/\/minilernkreis.de\/brandenburg-berlin\/wp-content\/uploads\/sites\/8\/Institutsleitung-MLK-Kohn-scaled.jpg","contentUrl":"https:\/\/minilernkreis.de\/brandenburg-berlin\/wp-content\/uploads\/sites\/8\/Institutsleitung-MLK-Kohn-scaled.jpg","width":2560,"height":1709},{"@type":"BreadcrumbList","@id":"https:\/\/minilernkreis.de\/brandenburg-berlin\/ueber-uns\/#breadcrumb","itemListElement":[{"@type":"ListItem","position":1,"name":"Start","item":"https:\/\/minilernkreis.de\/brandenburg-berlin\/"},{"@type":"ListItem","position":2,"name":"\u00dcber uns"}]},{"@type":"WebSite","@id":"https:\/\/minilernkreis.de\/brandenburg-berlin\/#website","url":"https:\/\/minilernkreis.de\/brandenburg-berlin\/","name":"Mini-Lernkreis Kohn - Nachhilfe mit Herz in Brandenburg und Berlin","description":"Nachhilfe in Brandenburg und Berlin","publisher":{"@id":"https:\/\/minilernkreis.de\/brandenburg-berlin\/#organization"},"potentialAction":[{"@type":"SearchAction","target":{"@type":"EntryPoint","urlTemplate":"https:\/\/minilernkreis.de\/brandenburg-berlin\/?s={search_term_string}"},"query-input":{"@type":"PropertyValueSpecification","valueRequired":true,"valueName":"search_term_string"}}],"inLanguage":"de"},{"@type":"Organization","@id":"https:\/\/minilernkreis.de\/brandenburg-berlin\/#organization","name":"Mini-Lernkreis Sandra und Birgit Kohn","url":"https:\/\/minilernkreis.de\/brandenburg-berlin\/","logo":{"@type":"ImageObject","inLanguage":"de","@id":"https:\/\/minilernkreis.de\/brandenburg-berlin\/#\/schema\/logo\/image\/","url":"https:\/\/minilernkreis.de\/brandenburg-berlin\/wp-content\/uploads\/sites\/8\/orga_logo_webseite.jpg","contentUrl":"https:\/\/minilernkreis.de\/brandenburg-berlin\/wp-content\/uploads\/sites\/8\/orga_logo_webseite.jpg","width":696,"height":696,"caption":"Mini-Lernkreis Sandra und Birgit Kohn"},"image":{"@id":"https:\/\/minilernkreis.de\/brandenburg-berlin\/#\/schema\/logo\/image\/"},"sameAs":["https:\/\/www.facebook.com\/profile.php?id=61564189306732"]}]}},"_links":{"self":[{"href":"https:\/\/minilernkreis.de\/brandenburg-berlin\/wp-json\/wp\/v2\/pages\/4","targetHints":{"allow":["GET"]}}],"collection":[{"href":"https:\/\/minilernkreis.de\/brandenburg-berlin\/wp-json\/wp\/v2\/pages"}],"about":[{"href":"https:\/\/minilernkreis.de\/brandenburg-berlin\/wp-json\/wp\/v2\/types\/page"}],"author":[{"embeddable":true,"href":"https:\/\/minilernkreis.de\/brandenburg-berlin\/wp-json\/wp\/v2\/users\/1"}],"replies":[{"embeddable":true,"href":"https:\/\/minilernkreis.de\/brandenburg-berlin\/wp-json\/wp\/v2\/comments?post=4"}],"version-history":[{"count":5,"href":"https:\/\/minilernkreis.de\/brandenburg-berlin\/wp-json\/wp\/v2\/pages\/4\/revisions"}],"predecessor-version":[{"id":515,"href":"https:\/\/minilernkreis.de\/brandenburg-berlin\/wp-json\/wp\/v2\/pages\/4\/revisions\/515"}],"wp:attachment":[{"href":"https:\/\/minilernkreis.de\/brandenburg-berlin\/wp-json\/wp\/v2\/media?parent=4"}],"curies":[{"name":"wp","href":"https:\/\/api.w.org\/{rel}","templated":true}]}}